{"id":741,"date":"2012-05-09T22:01:37","date_gmt":"2012-05-09T20:01:37","guid":{"rendered":"http:\/\/www.feuerwehrkostheim.de\/ffk\/?page_id=741"},"modified":"2018-06-02T14:12:27","modified_gmt":"2018-06-02T13:12:27","slug":"einsatze-2012","status":"publish","type":"page","link":"https:\/\/www.feuerwehrkostheim.de\/?page_id=741","title":{"rendered":"Eins\u00e4tze 2012"},"content":{"rendered":"<ul>\n<li><strong>Einsatz 01 &#8211; 2012<\/strong><br \/>\n09. Januar 2012 \u2013 05:59 Uhr<br \/>\nSteinern Stra\u00dfe \/ Im Sampel<br \/>\n<a title=\"Brandverdacht in der Steinern Stra\u00dfe\" href=\"http:\/\/www.feuerwehrkostheim.de\/?p=621\">Brandverdacht in der Steinern Stra\u00dfe<\/a><\/li>\n<\/ul>\n<ul>\n<li><strong>Einsatz 02 &#8211; 2012<\/strong><br \/>\n10. Januar 2012 \u2013 17:59 Uhr<br \/>\nKostheimer Landstra\u00dfe<br \/>\n<a title=\"Rauchentwicklung aus leerstehendem Produktionsgeb\u00e4ude\" href=\"http:\/\/www.feuerwehrkostheim.de\/?p=623\">Rauchentwicklung aus leerstehendem Produktionsgeb\u00e4ude<\/a><\/li>\n<\/ul>\n<ul>\n<li><strong>Einsatz 03 &#8211; 2012<\/strong><br \/>\n17. Januar 2012 \u2013 00:04 Uhr<br \/>\nHauptstra\u00dfe 148<br \/>\n<a title=\"Biotonne gibt Rauchzeichen \u2013 Signal erkannt \u2013 Kein Schaden\" href=\"http:\/\/www.feuerwehrkostheim.de\/?p=630\">Biotonne gibt Rauchzeichen \u2013 Signal erkannt \u2013 Kein Schaden<\/a><\/li>\n<\/ul>\n<ul>\n<li><strong>Einsatz 04 &#8211; 2012<\/strong><br \/>\n20. Januar 2012 \u2013 22:58 Uhr<br \/>\nFeuerwache 2<br \/>\n<a title=\"Basis-LF festgefahren \u2013 Wachbesetzung auf der Feuerwache 2\" href=\"http:\/\/www.feuerwehrkostheim.de\/?p=634\">Basis-LF festgefahren \u2013 Wachbesetzung auf der Feuerwache 2<\/a><\/li>\n<\/ul>\n<ul>\n<li><strong>Einsatz 05 &#8211; 2012<\/strong><br \/>\n25. Januar 2012 \u2013 16:57 Uhr<br \/>\nTeufelsprung 8<br \/>\n<a title=\"Feuer auf dem Balkon eines Hochhauses \u2013 4 Verletzte\" href=\"http:\/\/www.feuerwehrkostheim.de\/?p=638\">Feuer auf dem Balkon eines Hochhauses \u2013 4 Verletzte<\/a><\/li>\n<\/ul>\n<ul>\n<li><strong>Einsatz 06 &#8211; 2012<\/strong><br \/>\n07. Februar 2012 \u2013 20:58 Uhr<br \/>\nKrauseneckstra\u00dfe 7<br \/>\n<a title=\"Brand im Keller \u2013 erst Feuer- dann Wasserschaden\" href=\"http:\/\/www.feuerwehrkostheim.de\/?p=651\">Brand im Keller \u2013 erst Feuer- dann Wasserschaden<\/a><\/li>\n<\/ul>\n<ul>\n<li><strong>Einsatz 07 &#8211; 2012<\/strong><br \/>\n17. Februar 2012 \u2013 09:31 Uhr<br \/>\nHauptstra\u00dfe 127<br \/>\n<a title=\"Brennendes Laub im Kellerschacht\" href=\"http:\/\/www.feuerwehrkostheim.de\/?p=654\">Brennendes Laub im Kellerschacht<\/a><\/li>\n<\/ul>\n<ul>\n<li><strong>Einsatz 08 &#8211; 2012<\/strong><br \/>\n25. M\u00e4rz 2012 \u2013 16:30 Uhr<br \/>\nMaaraue<br \/>\n<a title=\"Brennender Abfalleimer\" href=\"http:\/\/www.feuerwehrkostheim.de\/?p=657\">Brennender Abfalleimer<\/a><\/li>\n<\/ul>\n<ul>\n<li><strong>Einsatz 09 &#8211; 2012<\/strong><br \/>\n28. April 2012 \u2013 22:28 Uhr<br \/>\nMaaraue<br \/>\n<a title=\"Erneut brennender M\u00fcllbeh\u00e4lter auf der Maaraue\" href=\"http:\/\/www.feuerwehrkostheim.de\/?p=675\">Erneut brennender M\u00fcllbeh\u00e4lter auf der Maaraue<\/a><\/li>\n<\/ul>\n<ul>\n<li><strong>Einsatz 10 &#8211; 2012<\/strong><br \/>\n01. Mai 2012 \u2013 14:43 Uhr<br \/>\nLinzer Stra\u00dfe 10<br \/>\n<a title=\"Rauchentwicklung in der Linzer Stra\u00dfe \u2013 Feuer nicht gel\u00f6scht\" href=\"http:\/\/www.feuerwehrkostheim.de\/?p=677\">Rauchentwicklung in der Linzer Stra\u00dfe \u2013 Feuer nicht gel\u00f6scht<\/a><\/li>\n<\/ul>\n<ul>\n<li><strong>Einsatz 11 &#8211; 2012<\/strong><br \/>\n01. Mai 2012 \u2013 18:18 Uhr<br \/>\nMaaraue<br \/>\n<a title=\"\u2026 und wieder: sch\u00f6nes Wetter Grund f\u00fcr M\u00fclleimerbrand\" href=\"http:\/\/www.feuerwehrkostheim.de\/?p=680\">\u2026 und wieder: sch\u00f6nes Wetter Grund f\u00fcr M\u00fclleimerbrand<\/a><\/li>\n<\/ul>\n<ul>\n<li><strong>Einsatz 12 &#8211; 2012<\/strong><br \/>\n11. Mai 2012 \u2013 18:30 Uhr<br \/>\nWaldhofstra\u00dfe &#8211; Ortsverwaltung<br \/>\n<a title=\"Feuer an Kostheimer Ortsverwaltung\" href=\"http:\/\/www.feuerwehrkostheim.de\/?p=782\">Feuer an der Kostheimer Ortsverwaltung<\/a><\/li>\n<\/ul>\n<ul>\n<li><strong>Einsatz 13 &#8211; 2012<\/strong><br \/>\n14. Mai 2012 \u2013 19:45 Uhr<br \/>\nMaaraue<br \/>\n<a title=\"Und t\u00e4glich gr\u00fc\u00dft das Murmeltier\" href=\"http:\/\/www.feuerwehrkostheim.de\/?p=797\">Und t\u00e4glich gr\u00fc\u00dft das Murmeltier<\/a><\/li>\n<\/ul>\n<ul>\n<li><strong>Einsatz 14 &#8211; 2012<\/strong><br \/>\n15. Mai 2012 \u2013 16:44 Uhr<br \/>\nLuisenstra\u00dfe 26<br \/>\n<a title=\"Dachstuhlbrand fordert Gro\u00dfeinsatz \u2013 Keine Verletzten aber gro\u00dfer Sachschaden\" href=\"http:\/\/www.feuerwehrkostheim.de\/?p=798\">Dachstuhlbrand fordert Gro\u00dfeinsatz \u2013 Keine Verletzten aber gro\u00dfer Sachschaden<\/a><\/li>\n<\/ul>\n<ul>\n<li><strong>Einsatz 15 &#8211; 2012<\/strong><br \/>\n16. Mai 2012 \u2013 08:36 Uhr<br \/>\nAm G\u00fcckelsberg<br \/>\n<a title=\"Brandverdacht am G\u00fcckelsberg\" href=\"http:\/\/www.feuerwehrkostheim.de\/?p=824\">Brandverdacht am G\u00fcckelsberg<\/a><\/li>\n<\/ul>\n<ul>\n<li><strong>Einsatz 16 &#8211; 2012<\/strong><br \/>\n18. Mai 2012 \u2013 00:23 Uhr<br \/>\nLuisenstra\u00dfe 26<br \/>\n<a title=\"Abgetragenes Brandgut vom Dachstuh ger\u00e4t erneut in Flammen\" href=\"http:\/\/www.feuerwehrkostheim.de\/?p=832\">Abgetragenes Brandgut vom Dachstuh ger\u00e4t erneut in Flammen<\/a><\/li>\n<\/ul>\n<ul>\n<li><strong>Einsatz 17 &#8211; 2012<\/strong><br \/>\n19. Mai 2012 \u2013 10:55 Uhr<br \/>\nFeuerwache 2<br \/>\n<a title=\"Einsatzmarathon geht weiter: Besetzung der Feuerwache 2\" href=\"http:\/\/www.feuerwehrkostheim.de\/?p=842\">Einsatzmarathon geht weiter: Besetzung der Feuerwache 2<\/a><\/li>\n<\/ul>\n<ul>\n<li><strong>Einsatz 18 &#8211; 2012<\/strong><br \/>\n19. Mai 2012 \u2013 13:24 Uhr<br \/>\nCastellumstra\u00dfe \/ Kastel<br \/>\n<a title=\"R\u00fcckfahrt von der Wachbesetzung: Gartenhausbrand festgestellt\" href=\"http:\/\/www.feuerwehrkostheim.de\/?p=844\">R\u00fcckfahrt von der Wachbesetzung: Gartenhausbrand festgestellt<\/a><\/li>\n<\/ul>\n<ul>\n<li><strong>Einsatz 19 &#8211; 2012<\/strong><br \/>\n26. Mai 2012 \u2013 23:13 Uhr<br \/>\nMaaraue<br \/>\n<a title=\"N\u00e4chster Einsatz auf der Maaraue: gemeldeter Gartenhausbrand\" href=\"http:\/\/www.feuerwehrkostheim.de\/?p=878\">N\u00e4chster Einsatz auf der Maaraue: gemeldeter Gartenhausbrand<\/a><\/li>\n<\/ul>\n<ul>\n<li><strong>Einsatz 20 &#8211; 2012<\/strong><br \/>\n26. Mai 2012 \u2013 23:39 Uhr<br \/>\nMaaraue<br \/>\n<a title=\"Voraushelfereinsatz \u2013 gest\u00fcrzter Radfahrer auf der Maaraue\" href=\"http:\/\/www.feuerwehrkostheim.de\/?p=881\">Voraushelfereinsatz \u2013 gest\u00fcrzter Radfahrer auf der Maaraue<\/a><\/li>\n<\/ul>\n<ul>\n<li><strong>Einsatz 21 &#8211; 2012<\/strong><br \/>\n29. Mai 2012 \u2013 01:14 Uhr<br \/>\nFeuerwache 2<br \/>\n<a title=\"Gro\u00dfbrand in Holzhandlung erfordert Wachbesetzung\" href=\"http:\/\/www.feuerwehrkostheim.de\/?p=889\">Gro\u00dfbrand in Holzhandlung erfordert Wachbesetzung<\/a><\/li>\n<\/ul>\n<ul>\n<li><strong>Einsatz 22 &#8211; 2012<\/strong><br \/>\n09. Juni 2012 \u2013 18:21 Uhr<br \/>\nGustavsburger Stra\u00dfe 2<br \/>\n<a title=\"Kleineres Unratfeuer \u2013 Einsatz mit der K\u00fcbelspritze\" href=\"http:\/\/www.feuerwehrkostheim.de\/?p=894\">Kleineres Unratfeuer \u2013 Einsatz mit der K\u00fcbelspritze<\/a><\/li>\n<\/ul>\n<ul>\n<li><strong>Einsatz 23 &#8211; 2012<\/strong><br \/>\n14. Juni 2012 \u2013 19:44 Uhr<br \/>\nHochheimer Stra\u00dfe \/ Siebenmorgenweg<br \/>\n<a title=\"Gr\u00f6\u00dfere \u00d6lspur im Bereich der Hochheimer Stra\u00dfe\" href=\"http:\/\/www.feuerwehrkostheim.de\/?p=898\">Gr\u00f6\u00dfere \u00d6lspur im Bereich der Hochheimer Stra\u00dfe<\/a><\/li>\n<\/ul>\n<ul>\n<li><strong>Einsatz 24 &#8211; 2012<\/strong><br \/>\n16. Juni 2012 \u2013 16:06 Uhr<br \/>\nHochheimer Stra\u00dfe 172<br \/>\n<a title=\"Rettungsdienst meldet Rauchentwicklung\" href=\"http:\/\/www.feuerwehrkostheim.de\/?p=902\">Rettungsdienst meldet Rauchentwicklung<\/a><\/li>\n<\/ul>\n<ul>\n<li><strong>Einsatz 25 &#8211; 2012<\/strong><br \/>\n01. Juli 2012 \u2013 13:20 Uhr<br \/>\nWaldhofstra\u00dfe 6<br \/>\n<a title=\"Wohnungs- und Dachstuhlbrand in der Waldhofstra\u00dfe\" href=\"http:\/\/www.feuerwehrkostheim.de\/?p=908\">Wohnungs- und Dachstuhlbrand in der Waldhofstra\u00dfe<\/a><\/li>\n<\/ul>\n<ul>\n<li><strong>Einsatz 26 &#8211; 2012<\/strong><br \/>\n13. Juli 2012 \u2013 07:55 Uhr<br \/>\nBregenzer Stra\u00dfe 12<br \/>\n<a title=\"Angebranntes Kochgut in der Siedlung\" href=\"http:\/\/www.feuerwehrkostheim.de\/?p=915\">Angebranntes Kochgut in der Siedlung<\/a><\/li>\n<\/ul>\n<ul>\n<li><strong>Einsatz 27 &#8211; 2012<\/strong><br \/>\n09. August 2012 \u2013 13:52 Uhr<br \/>\nGrazer Stra\u00dfe 46<br \/>\n<a title=\"Rauchentwicklung durch angebranntes Kochgut\" href=\"http:\/\/www.feuerwehrkostheim.de\/?p=935\">Rauchentwicklung durch angebranntes Kochgut<\/a><\/li>\n<\/ul>\n<ul>\n<li><strong>Einsatz 28 &#8211; 2012<\/strong><br \/>\n13. August 2012 \u2013 19:45 Uhr<br \/>\n\u00d6strich-Winkel<br \/>\n<a title=\"Gefahrgutungl\u00fcck in \u00d6strich-Winkel - Unterst\u00fctzung der Evakuierung\" href=\"http:\/\/www.feuerwehrkostheim.de\/?p=938\">Gefahrgutungl\u00fcck in \u00d6strich-Winkel &#8211; Unterst\u00fctzung der Evakuierung<\/a><\/li>\n<\/ul>\n<ul>\n<li><strong>Einsatz 29 &#8211; 2012<\/strong><br \/>\n16. August 2012 \u2013 23:56 Uhr<br \/>\nCastellumstra\u00dfe 114<br \/>\n<a title=\"Dachstuhlbrand in Kastel - f\u00fcnfst\u00fcndiger Einsatz auch f\u00fcr die FF-Kostheim\" href=\"http:\/\/www.feuerwehrkostheim.de\/?p=943\">Dachstuhlbrand in Kastel &#8211; f\u00fcnfst\u00fcndiger Einsatz auch f\u00fcr die FF-Kostheim<\/a><\/li>\n<\/ul>\n<ul>\n<li><strong>Einsatz 30 &#8211; 2012<\/strong><br \/>\n17. August 2012 \u2013 18:24 Uhr<br \/>\nZelterstra\u00dfe 1<br \/>\n<a title=\"Unratfeuer im Keller eines Mehrfamilienhauses\" href=\"http:\/\/www.feuerwehrkostheim.de\/?p=958\">Unratfeuer im Keller eines Mehrfamilienhauses<\/a><\/li>\n<\/ul>\n<ul>\n<li><strong>Einsatz 31 &#8211; 2012<\/strong><br \/>\n26. August 2012 \u2013 17:22 Uhr<br \/>\nWilhelm-Leuschner-Schule<br \/>\n<a title=\"Feuer im Schulhof\" href=\"http:\/\/www.feuerwehrkostheim.de\/?p=984\">Feuer im Schulhof<\/a><\/li>\n<\/ul>\n<ul>\n<li><strong>Einsatz 32 &#8211; 2012<\/strong><br \/>\n04. September 2012 \u2013 02:20 Uhr<br \/>\nGrazer Stra\u00dfe<br \/>\n<a title=\"Brennende M\u00fclltonne in der Kostheimer Siedlung\" href=\"http:\/\/www.feuerwehrkostheim.de\/?p=995\">Brennende M\u00fclltonne in der Kostheimer Siedlung<\/a><\/li>\n<\/ul>\n<ul>\n<li><strong>Einsatz 33 &#8211; 2012<\/strong><br \/>\n04. September 2012 \u2013 02:45 Uhr<br \/>\nGrazer Stra\u00dfe<br \/>\n<a title=\"Sicherheitsdienst meldet brennende Plastikabf\u00e4lle - Brand h\u00e4tte Folgenschwerer verlaufen k\u00f6nnen\" href=\"http:\/\/www.feuerwehrkostheim.de\/?p=998\">Sicherheitsdienst meldet brennende Plastikabf\u00e4lle &#8211; Brand h\u00e4tte Folgenschwerer verlaufen k\u00f6nnen<\/a><\/li>\n<\/ul>\n<ul>\n<li><strong>Einsatz 34 &#8211; 2012<\/strong><br \/>\n08. September 2012 \u2013 20:40 Uhr<br \/>\nEichenstra\u00dfe \/ Ulmenstra\u00dfe<br \/>\n<a title=\"Auf der Suche nach der Ursache \u2013 Brandgeruch in der Eichenstra\u00dfe\" href=\"http:\/\/www.feuerwehrkostheim.de\/?p=1094\">Auf der Suche nach der Ursache \u2013 Brandgeruch in der Eichenstra\u00dfe<\/a><\/li>\n<\/ul>\n<ul>\n<li><strong>Einsatz 35 &#8211; 2012<\/strong><br \/>\n24. September 2012 \u2013 17:12 Uhr<br \/>\nM\u00fcfflingstra\u00dfe<br \/>\n<a title=\"Baum st\u00fcrzt auf geparktes Auto\" href=\"http:\/\/www.feuerwehrkostheim.de\/?p=1098\">Baum st\u00fcrzt auf geparktes Auto<\/a><\/li>\n<\/ul>\n<ul>\n<li><strong>Einsatz 36 &#8211; 2012<\/strong><br \/>\n26. September 2012 \u2013 19:33 Uhr<br \/>\nIm Sampel 1<br \/>\n<a title=\"Feuer im 10. Obergeschoss - Wasserschaden im Erdgeschoss\" href=\"http:\/\/www.feuerwehrkostheim.de\/?p=1101\">Baum st\u00fcrzt auf geparktes Auto<\/a><\/li>\n<\/ul>\n<ul>\n<li><strong>Einsatz 37 &#8211; 2012<\/strong><br \/>\n29. September 2012 \u2013 10:25 Uhr<br \/>\nAm Mainzer Weg \/ Viktoriastra\u00dfe<br \/>\n<a title=\"Ersthelfer bei Verkehrsunfall mit Fahrradfahrer\" href=\"http:\/\/www.feuerwehrkostheim.de\/?p=1124\">Ersthelfer bei Verkehrsunfall mit Fahrradfahrer<\/a><\/li>\n<\/ul>\n<ul>\n<li><strong>Einsatz 38 &#8211; 2012<\/strong><br \/>\n02. Oktober 2012 \u2013 12:23 Uhr<br \/>\nKastel \/ Kurt-Hebach-Stra\u00dfe<br \/>\n<a title=\"Rauchentwicklung bei Feuer in der Zwischendecke eines Ladengesch\u00e4ftes\" href=\"http:\/\/www.feuerwehrkostheim.de\/?p=1127\">Rauchentwicklung bei Feuer in der Zwischendecke eines Ladengesch\u00e4ftes<\/a><\/li>\n<\/ul>\n<ul>\n<li><strong>Einsatz 39 &#8211; 2012<\/strong><br \/>\n07. Oktober 2012 \u2013 05:37 Uhr<br \/>\nWinterstra\u00dfe \/ B\u00fcrgerhaus<br \/>\n<a title=\"Mietfahrrad brennt in Leihstation\" href=\"http:\/\/www.feuerwehrkostheim.de\/?p=1149\">Mietfahrrad brennt in Leihstation<\/a><\/li>\n<\/ul>\n<ul>\n<li><strong>Einsatz 40 &#8211; 2012<\/strong><br \/>\n31. Oktober 2012 \u2013 22:12 Uhr<br \/>\nWilhelm-Leuschner-Schule<br \/>\n<a title=\"Brandstiftung in der Wilhelm-Leuschner-Schule\" href=\"http:\/\/www.feuerwehrkostheim.de\/?p=1156\">Brandstiftung in der Wilhelm-Leuschner-Schule<\/a><\/li>\n<\/ul>\n<ul>\n<li><strong>Einsatz 41 &#8211; 2012<\/strong><br \/>\n11. November 2012 \u2013 05:04 Uhr<br \/>\nHauptstra\u00dfe 1 \/ Fa. SCA<br \/>\n<a title=\"Knallger\u00e4usch und vermeintliche Rauchentwicklung\" href=\"http:\/\/www.feuerwehrkostheim.de\/?p=1176\">Knallger\u00e4usch und vermeintliche Rauchentwicklung<\/a><\/li>\n<\/ul>\n<ul>\n<li><strong>Einsatz 42 &#8211; 2012<\/strong><br \/>\n17. November 2012 \u2013 04:45 Uhr<br \/>\nInnsbrucker Stra\u00dfe<br \/>\n<a title=\"Brennender Sperrm\u00fcll in der Siedlung\" href=\"http:\/\/www.feuerwehrkostheim.de\/?p=1182\">Brennender Sperrm\u00fcll in der Siedlung<\/a><\/li>\n<\/ul>\n<ul>\n<li><strong>Einsatz 43 &#8211; 2012<\/strong><br \/>\n27. November 2012 \u2013 23:09 Uhr<br \/>\nSteinern Stra\u00dfe 24a<br \/>\n<a title=\"Feuer auf dem Balkon\" href=\"http:\/\/www.feuerwehrkostheim.de\/?p=1277\">Feuer auf dem Balkon<\/a><\/li>\n<\/ul>\n<ul>\n<li><strong>Einsatz 44 &#8211; 2012<\/strong><br \/>\n17. Dezember 2012 \u2013 06:53 Uhr<br \/>\nSteinern Stra\u00dfe 20 &#8211; Wilhelm-Leuschner-Schule<br \/>\n<a title=\"Feuer auf dem Balkon\" href=\"http:\/\/www.feuerwehrkostheim.de\/?p=1283\">Heizungsabgase Grund f\u00fcr vermeintliche Rauchentwicklung<\/a><\/li>\n<\/ul>\n<ul>\n<li><strong>Einsatz 45 &#8211; 2012<\/strong><br \/>\n29. Dezember 2012 \u2013 11:39 Uhr<br \/>\nHAuptstra\u00dfe 1 &#8211; Firma SCA<br \/>\n<a title=\"Feuer auf dem Balkon\" href=\"http:\/\/www.feuerwehrkostheim.de\/?p=1288\">Feuer im Papierwerk<\/a><\/li>\n<\/ul>\n<p><iframe loading=\"lazy\" src=\"http:\/\/maps.google.de\/maps\/ms?msa=0&amp;msid=205617827278750557995.0004b785a9fe23254a12f&amp;hl=de&amp;ie=UTF8&amp;t=h&amp;ll=50.010002,8.288479&amp;spn=0.026746,0.03747&amp;output=embed\" height=\"450\" width=\"525\" frameborder=\"0\" marginwidth=\"0\" marginheight=\"0\" scrolling=\"no\"><\/iframe><br \/>\n<small><a style=\"color: #0000ff; text-align: left;\" href=\"http:\/\/maps.google.de\/maps\/ms?msa=0&amp;msid=205617827278750557995.0004b785a9fe23254a12f&amp;hl=de&amp;ie=UTF8&amp;t=h&amp;ll=50.010002,8.288479&amp;spn=0.026746,0.03747&amp;source=embed\">Eins\u00e4tze 2012<\/a> auf einer gr\u00f6\u00dferen Karte anzeigen<\/small><\/p>\n","protected":false},"excerpt":{"rendered":"<p>Einsatz 01 &#8211; 2012 09. Januar 2012 \u2013 05:59 Uhr Steinern Stra\u00dfe \/ Im Sampel Brandverdacht in der Steinern Stra\u00dfe Einsatz 02 &#8211; 2012 10. Januar 2012 \u2013 17:59 Uhr Kostheimer Landstra\u00dfe Rauchentwicklung aus leerstehendem Produktionsgeb\u00e4ude Einsatz 03 &#8211; 2012 17. Januar 2012 \u2013 00:04 Uhr Hauptstra\u00dfe 148 Biotonne gibt Rauchzeichen \u2013 Signal erkannt \u2013 [&hellip;]<\/p>\n","protected":false},"author":1,"featured_media":0,"parent":751,"menu_order":0,"comment_status":"closed","ping_status":"closed","template":"","meta":{"_et_pb_use_builder":"","_et_pb_old_content":"","_et_gb_content_width":"","_crdt_document":"","footnotes":""},"class_list":["post-741","page","type-page","status-publish","hentry"],"_links":{"self":[{"href":"https:\/\/www.feuerwehrkostheim.de\/index.php?rest_route=\/wp\/v2\/pages\/741","targetHints":{"allow":["GET"]}}],"collection":[{"href":"https:\/\/www.feuerwehrkostheim.de\/index.php?rest_route=\/wp\/v2\/pages"}],"about":[{"href":"https:\/\/www.feuerwehrkostheim.de\/index.php?rest_route=\/wp\/v2\/types\/page"}],"author":[{"embeddable":true,"href":"https:\/\/www.feuerwehrkostheim.de\/index.php?rest_route=\/wp\/v2\/users\/1"}],"replies":[{"embeddable":true,"href":"https:\/\/www.feuerwehrkostheim.de\/index.php?rest_route=%2Fwp%2Fv2%2Fcomments&post=741"}],"version-history":[{"count":0,"href":"https:\/\/www.feuerwehrkostheim.de\/index.php?rest_route=\/wp\/v2\/pages\/741\/revisions"}],"up":[{"embeddable":true,"href":"https:\/\/www.feuerwehrkostheim.de\/index.php?rest_route=\/wp\/v2\/pages\/751"}],"wp:attachment":[{"href":"https:\/\/www.feuerwehrkostheim.de\/index.php?rest_route=%2Fwp%2Fv2%2Fmedia&parent=741"}],"curies":[{"name":"wp","href":"https:\/\/api.w.org\/{rel}","templated":true}]}}