{"id":5520,"date":"2020-01-04T10:39:45","date_gmt":"2020-01-04T09:39:45","guid":{"rendered":"https:\/\/www.feuerwehrkostheim.de\/?page_id=5520"},"modified":"2023-10-06T14:58:44","modified_gmt":"2023-10-06T13:58:44","slug":"einsaetze-2020","status":"publish","type":"page","link":"https:\/\/www.feuerwehrkostheim.de\/?page_id=5520","title":{"rendered":"Eins\u00e4tze 2020"},"content":{"rendered":"\n<ul class=\"wp-block-list\">\n<li><strong>Einsatz 01 &#8211; 2020<\/strong><br>01. Januar 2020 \u2013 00:49 Uhr<br>Neustra\u00dfe \/ Kastel<br><a title=\"\u201eFeuer im Dachbereich schnell bemerkt und gel\u00f6scht\" href=\"http:\/\/www.feuerwehrkostheim.de\/?p=5514\" target=\"_blank\" rel=\"noopener noreferrer\">Feuer im Dachbereich schnell bemerkt und gel\u00f6scht<\/a><\/li>\n\n\n\n<li><strong>Einsatz 02 &#8211; 2020<\/strong><br>03. Januar 2020 \u2013 14:24 Uhr<br>Maaraue<br><a title=\"\u201eBrandverdacht auf der Maaraue\" href=\"http:\/\/www.feuerwehrkostheim.de\/?p=5518\" target=\"_blank\" rel=\"noopener noreferrer\">Brandverdacht auf der Maaraue<\/a><\/li>\n\n\n\n<li><strong>Einsatz 03 &#8211; 2020<\/strong><br>04. Januar 2020 \u2013 16:28 Uhr<br>Bahnlinie Kastel-Hochheim<br><a title=\"\u201eUnfall auf Bahnanlage\" href=\"http:\/\/www.feuerwehrkostheim.de\/?p=5528\" target=\"_blank\" rel=\"noopener noreferrer\">Unfall auf Bahnanlage<\/a><\/li>\n\n\n\n<li><strong>Einsatz 04 &#8211; 2020<\/strong><br>09. Januar 2020 \u2013 21:35 Uhr<br>Im Sampel<br><a title=\"\u201eKellerbrand im Mehrfamilienhaus \u2013 Treppenhaus massiv verraucht\" href=\"http:\/\/www.feuerwehrkostheim.de\/?p=5538\" target=\"_blank\" rel=\"noopener noreferrer\">Kellerbrand im Mehrfamilienhaus \u2013 Treppenhaus massiv verraucht<\/a><\/li>\n\n\n\n<li><strong>Einsatz 05 &#8211; 2020<\/strong><br>13. Januar 2020 \u2013 07:39 Uhr<br>Wiesbadener Stra\u00dfe &#8211; Alarmgruppe mit FF-Kastel<br><a title=\"\u201eBrandverdacht in der Wiesbadener Stra\u00dfe\" href=\"http:\/\/www.feuerwehrkostheim.de\/?p=5552 target=\" rel=\"noopener noreferrer\">Brandverdacht in der Wiesbadener Stra\u00dfe<\/a><\/li>\n\n\n\n<li><strong>Einsatz 06 &#8211; 2020<\/strong><br>16. Januar 2020 \u2013 21:54 Uhr<br>Gustavsburger Stra\u00dfe<br><a title=\"\u201eAngebranntes Kochgut in der Siedlung\" href=\"http:\/\/www.feuerwehrkostheim.de\/?p=5558 target=\" rel=\"noopener noreferrer\">Angebranntes Kochgut in der Siedlung<\/a><\/li>\n\n\n\n<li><strong>Einsatz 07 &#8211; 2020<\/strong><br>31. Januar 2020 \u2013 11:23 Uhr<br>Feuerwache 2<br><a title=\"\u201eGro\u00dfeinsatz in Nordenstadt erfordert Nachbesetzung der Feuerwachen\" href=\"http:\/\/www.feuerwehrkostheim.de\/?p=5561 target=\" rel=\"noopener noreferrer\">Gro\u00dfeinsatz in Nordenstadt erfordert Nachbesetzung der Feuerwachen<\/a><\/li>\n\n\n\n<li><strong>Einsatz 08 &#8211; 2020<\/strong><br>31. Januar 2020 \u2013 14:05 Uhr<br>Rosenthalstra\u00dfe \/ Biebrich<br><a title=\"\u201eNotfallt\u00fcr\u00f6ffnung in Biebrich\" href=\"http:\/\/www.feuerwehrkostheim.de\/?p=5563 target=\" rel=\"noopener noreferrer\">Notfallt\u00fcr\u00f6ffnung in Biebrich<\/a><\/li>\n\n\n\n<li><strong>Einsatz 09 &#8211; 2020<\/strong><br>31. Januar 2020 \u2013 16:48 Uhr<br>Petersweg \/ Kastel<br><a title=\"\u201eKind im Auto eingesperrt\" href=\"http:\/\/www.feuerwehrkostheim.de\/?p=5565 target=\" rel=\"noopener noreferrer\">Kind im Auto eingesperrt<\/a><\/li>\n\n\n\n<li><strong>Einsatz 10 &#8211; 2020<\/strong><br>04. Februar 2020 \u2013 16:30 Uhr<br>Mainufer<br><a title=\"\u201eSteigende Wasserpegel erfordern Aufbau des Hochwasserschutzes\" href=\"http:\/\/www.feuerwehrkostheim.de\/?p=5568 target=\" rel=\"noopener noreferrer\">Steigende Wasserpegel erfordern Aufbau des Hochwasserschutzes<\/a><\/li>\n\n\n\n<li><strong>Einsatz 11 &#8211; 2020<\/strong><br>07. Februar 2020 \u2013 16:03 Uhr<br>Rhein H\u00f6he IP Kalle-Albert<br><a title=\"\u201ePerson im Rhein schnell gesichert\" href=\"http:\/\/www.feuerwehrkostheim.de\/?p=5571 target=\" rel=\"noopener noreferrer\">Person im Rhein schnell gesichert<\/a><\/li>\n\n\n\n<li><strong>Einsatz 12 &#8211; 2020<\/strong><br>11. Februar 2020 \u2013 16:30 Uhr<br>Mainufer<br><a title=\"\u201eHochwasserschutzw\u00e4nde wieder demotiert\" href=\"http:\/\/www.feuerwehrkostheim.de\/?p=5576 target=\" rel=\"noopener noreferrer\">Hochwasserschutzw\u00e4nde wieder demotiert<\/a><\/li>\n\n\n\n<li><strong>Einsatz 13 &#8211; 2020<\/strong><br>18. Februar 2020 \u2013 06:52 Uhr<br>Eisenbahnstra\u00dfe 7 &#8211; Bahnhof Kastel \/ Alarmgruppe mit FF Kastel<br><a title=\"\u201eBrand im Kasteler Bahnhofsgeb\u00e4ude\" href=\"http:\/\/www.feuerwehrkostheim.de\/?p=5590 target=\" rel=\"noopener noreferrer\">Brand im Kasteler Bahnhofsgeb\u00e4ude<\/a><\/li>\n\n\n\n<li><strong>Einsatz 14 &#8211; 2020<\/strong><br>21. Februar 2020 \u2013 05:18 Uhr<br>Schiersteiner Hafen<br><a title=\"\u201eJacht geht in Flammen auf und sorgt f\u00fcr Gro\u00dfeinsatz im Schiersteiner Hafen\" href=\"http:\/\/www.feuerwehrkostheim.de\/?p=5594 target=\" rel=\"noopener noreferrer\">Jacht geht in Flammen auf und sorgt f\u00fcr Gro\u00dfeinsatz im Schiersteiner Hafen<\/a><\/li>\n\n\n\n<li><strong>Einsatz 15 &#8211; 2020<\/strong><br>24. Februar 2020 \u2013 14:00 Uhr<br>Grazer Stra\u00dfe<br><a title=\"\u201eM\u00fclltonnenbrand in der Siedlung\" href=\"http:\/\/www.feuerwehrkostheim.de\/?p=5601 target=\" rel=\"noopener noreferrer\">M\u00fclltonnenbrand in der Siedlung<\/a><\/li>\n\n\n\n<li><strong>Einsatz 16 &#8211; 2020<\/strong><br>09. M\u00e4rz 2020 \u2013 01:22 Uhr<br>Nikolausstra\u00dfe<br><a title=\"\u201eM\u00fclltonnenbr\u00e4nde in der Nacht auf Montag\" href=\"http:\/\/www.feuerwehrkostheim.de\/?p=5612 target=\" rel=\"noopener noreferrer\">M\u00fclltonnenbr\u00e4nde in der Nacht auf Montag<\/a><\/li>\n\n\n\n<li><strong>Einsatz 17 &#8211; 2020<\/strong><br>11. M\u00e4rz 2020 \u2013 06:14 Uhr<br>Hauptstra\u00dfe &#8211; Firma Essity \/ Alarmgruppe mit FF-Kastel<br><a title=\"\u201eUnterst\u00fctzungseinsatz im Papierwerk\" href=\"http:\/\/www.feuerwehrkostheim.de\/?p=5621 target=\" rel=\"noopener noreferrer\">Unterst\u00fctzungseinsatz im Papierwerk<\/a><\/li>\n\n\n\n<li><strong>Einsatz 18 &#8211; 2020<\/strong><br>16. M\u00e4rz 2020 \u2013 06:14 Uhr<br>Zelterstra\u00dfe<br><a title=\"\u201eWieder brennen M\u00fclltonnen am fr\u00fchen Montagmorgen\" href=\"http:\/\/www.feuerwehrkostheim.de\/?p=5624 target=\" rel=\"noopener noreferrer\">Wieder brennen M\u00fclltonnen am fr\u00fchen Montagmorgen<\/a><\/li>\n\n\n\n<li><strong>Einsatz 19 &#8211; 2020<\/strong><br>18. M\u00e4rz 2020 \u2013 22:29 Uhr<br>Im R\u00f6merfeld<br><a title=\"\u201eWasserschaden im Hochhauskeller\" href=\"http:\/\/www.feuerwehrkostheim.de\/?p=5627 target=\" rel=\"noopener noreferrer\">Wasserschaden im Hochhauskeller<\/a><\/li>\n\n\n\n<li><strong>Einsatz 20 &#8211; 2020<\/strong><br>27. M\u00e4rz 2020 \u2013 23:40 Uhr<br>Feuerwehrger\u00e4tehaus<br><a title=\"\u201eWachbesetzung im eigenen Ger\u00e4tehaus\" href=\"http:\/\/www.feuerwehrkostheim.de\/?p=5646 target=\" rel=\"noopener noreferrer\">Wachbesetzung im eigenen Ger\u00e4tehaus<\/a><\/li>\n\n\n\n<li><strong>Einsatz 21 &#8211; 2020<\/strong><br>01. April 2020 \u2013 18:02 Uhr<br>Schiersteiner Hafen<br><a title=\"\u201eFeuer an Bord eines Bootes schnell gel\u00f6scht\" href=\"http:\/\/www.feuerwehrkostheim.de\/?p=5654 target=\" rel=\"noopener noreferrer\">Feuer an Bord eines Bootes schnell gel\u00f6scht<\/a><\/li>\n\n\n\n<li><strong>Einsatz 22 &#8211; 2020<\/strong><br>02. April 2020 \u2013 20:21 Uhr<br>Rhein &#8211; unterhalb TH Br\u00fccke<br><a title=\"\u201eWasserrettungseinsatz auf dem Rhein\" href=\"http:\/\/www.feuerwehrkostheim.de\/?p=5657 target=\" rel=\"noopener noreferrer\">Wasserrettungseinsatz auf dem Rhein<\/a><\/li>\n\n\n\n<li><strong>Einsatz 23 &#8211; 2020<\/strong><br>08. April 2020 \u2013 14:48 Uhr<br>Hochheimer Stra\u00dfe &#8211; Alarmgruppe mit FF Kastel<br><a title=\"\u201eStichflamme l\u00f6st Gro\u00dfeinsatz aus\" href=\"http:\/\/www.feuerwehrkostheim.de\/?p=5664 target=\" rel=\"noopener noreferrer\">Stichflamme l\u00f6st Gro\u00dfeinsatz aus<\/a><\/li>\n\n\n\n<li><strong>Einsatz 24 &#8211; 2020<\/strong><br>18. Mai 2020 \u2013 00:19 Uhr<br>Rhein &#8211; H\u00f6he TH Br\u00fccke<br><a title=\"\u201ePerson vom Fu\u00df eines Br\u00fcckenpfeilers gerettet\" href=\"http:\/\/www.feuerwehrkostheim.de\/?p=5670 target=\" rel=\"noopener noreferrer\">Person vom Fu\u00df eines Br\u00fcckenpfeilers gerettet<\/a><\/li>\n\n\n\n<li><strong>Einsatz 25 &#8211; 2020<\/strong><br>21. Mai 2020 \u2013 00:45 Uhr<br>Rhein &#8211; H\u00f6he TH Br\u00fccke<br><a title=\"\u201eErneut Wasserrettungseinsatz auf dem Rhein\" href=\"http:\/\/www.feuerwehrkostheim.de\/?p=5673 target=\" rel=\"noopener noreferrer\">Erneut Wasserrettungseinsatz auf dem Rhein<\/a><\/li>\n\n\n\n<li><strong>Einsatz 26 &#8211; 2020<\/strong><br>01. Juni 2020 \u2013 23:12 Uhr<br>Rhein \u2013 H\u00f6he Biebrich<br><a title=\"\u201eSchwimmende Jugendliche l\u00f6sen Rettungseinsatz aus\" href=\"http:\/\/www.feuerwehrkostheim.de\/?p=5677 target=\" rel=\"noopener noreferrer\">Schwimmende Jugendliche l\u00f6sen Rettungseinsatz aus<\/a><\/li>\n\n\n\n<li><strong>Einsatz 27 &#8211; 2020<\/strong><br>25. Juni 2020 \u2013 09:38 Uhr<br>Keilsbaum \/ Kastel &#8211; Alarmgruppe mit FF Kastel<br><a title=\"\u201eUnratfeuer in Kastel \u2013 erster Brandeinsatz nach zweieinhalb Monaten\" href=\"http:\/\/www.feuerwehrkostheim.de\/?p=5685 target=\" rel=\"noopener noreferrer\">Unratfeuer in Kastel \u2013 erster Brandeinsatz nach zweieinhalb Monaten<\/a><\/li>\n\n\n\n<li><strong>Einsatz 28 &#8211; 2020<\/strong><br>26. Juni 2020 \u2013 09:36 Uhr<br>Rhein \u2013 H\u00f6he TH-Br\u00fccke<br><a title=\"\u201eWasserrettungseinsatz schnell abgebrochen\" href=\"http:\/\/www.feuerwehrkostheim.de\/?p=5692 target=\" rel=\"noopener noreferrer\">Wasserrettungseinsatz schnell abgebrochen<\/a><\/li>\n\n\n\n<li><strong>Einsatz 29 &#8211; 2020<\/strong><br>25. Juli 2020 \u2013 12:23 Uhr<br>Main<br><a title=\"\u201eHilfeleistungseinsatz vor Boots\u00fcbung auf dem Main\" href=\"http:\/\/www.feuerwehrkostheim.de\/?p=5698 target=\" rel=\"noopener noreferrer\">Hilfeleistungseinsatz vor Boots\u00fcbung auf dem Main<\/a><\/li>\n\n\n\n<li><strong>Einsatz 30 &#8211; 2020<\/strong><br>28. Juli 2020 \u2013 14:34 Uhr<br>Mittlerer Sampelweg &#8211; Alarmgruppe mit FF-Kastel<br><a title=\"\u201eGro\u00dfbrand im Mittleren Sampelweg fordert stundenlangen Feuerwehreinsatz\" href=\"http:\/\/www.feuerwehrkostheim.de\/?p=5701 target=\" rel=\"noopener noreferrer\">Gro\u00dfbrand im Mittleren Sampelweg fordert stundenlangen Feuerwehreinsatz<\/a><\/li>\n\n\n\n<li><strong>Einsatz 31 &#8211; 2020<\/strong><br>30. Juli 2020 \u2013 11:36 Uhr<br>Gustavsburg &#8211; Landdammstra\u00dfe<br><a title=\"\u201eBrand eines Hallendaches in Gustavsburg\" href=\"http:\/\/www.feuerwehrkostheim.de\/?p=5706 target=\" rel=\"noopener noreferrer\">Brand eines Hallendaches in Gustavsburg<\/a><\/li>\n\n\n\n<li><strong>Einsatz 32 &#8211; 2020<\/strong><br>03. August 2020 \u2013 08:33 Uhr<br>Feuerwehrger\u00e4tehaus<br><a title=\"\u201eEinsatzbereitschaft wegen Feuerwehreinsatz in Biebrich\" href=\"http:\/\/www.feuerwehrkostheim.de\/?p=5713 target=\" rel=\"noopener noreferrer\">Einsatzbereitschaft wegen Feuerwehreinsatz in Biebrich<\/a><\/li>\n\n\n\n<li><strong>Einsatz 33 &#8211; 2020<\/strong><br>06. August 2020 \u2013 16:01 Uhr<br>Roonstra\u00dfe &#8211; Alarmgruppe mit FF-Kastel<br><a title=\"\u201eBrandverdacht entpuppt sich als Grillfeuer auf einem Balkon\" href=\"http:\/\/www.feuerwehrkostheim.de\/?p=5716 target=\" rel=\"noopener noreferrer\">Brandverdacht entpuppt sich als Grillfeuer auf einem Balkon<\/a><\/li>\n\n\n\n<li><strong>Einsatz 34 &#8211; 2020<\/strong><br>07. August 2020 \u2013 12:32 Uhr<br>Passauer Stra\u00dfe &#8211; Alarmgruppe mit FF-Kastel<br><a title=\"\u201eAngebranntes Kochgut in der Siedlung\" href=\"http:\/\/www.feuerwehrkostheim.de\/?p=5722 target=\" rel=\"noopener noreferrer\">Angebranntes Kochgut in der Siedlung<\/a><\/li>\n\n\n\n<li><strong>Einsatz 35 &#8211; 2020<\/strong><br>08. August 2020 \u2013 21:02 Uhr<br>Salzburger Stra\u00dfe<br><a title=\"\u201eAbgebrochener Ast droht herabzufallen\" href=\"http:\/\/www.feuerwehrkostheim.de\/?p=5724 target=\" rel=\"noopener noreferrer\">Abgebrochener Ast droht herabzufallen<\/a><\/li>\n\n\n\n<li><strong>Einsatz 36 &#8211; 2020<\/strong><br>09. August 2020 \u2013 22:31 Uhr<br>Rhein unterhalb der Mainm\u00fcndung<br><a title=\"\u201eWasserrettungseinsatz auf dem Rhein\" href=\"http:\/\/www.feuerwehrkostheim.de\/?p=5727 target=\" rel=\"noopener noreferrer\">Wasserrettungseinsatz auf dem Rhein<\/a><\/li>\n\n\n\n<li><strong>Einsatz 37 &#8211; 2020<\/strong><br>11. August 2020 \u2013 12:32 Uhr<br>Hauptstra\u00dfe &#8211; Alarmgruppe mit FF-Kastel<br><a title=\"\u201eAngebranntes Kochgut in der Hauptstra\u00dfe\" href=\"http:\/\/www.feuerwehrkostheim.de\/?p=5731 target=\" rel=\"noopener noreferrer\">Angebranntes Kochgut in der Hauptstra\u00dfe<\/a><\/li>\n\n\n\n<li><strong>Einsatz 38 &#8211; 2020<\/strong><br>13. August 2020 \u2013 10:04 Uhr<br>Rhein in H\u00f6he Petersaue<br><a title=\"\u201eVerunreinigung auf dem Rhein\" href=\"http:\/\/www.feuerwehrkostheim.de\/?p=5734 target=\" rel=\"noopener noreferrer\">Verunreinigung auf dem Rhein<\/a><\/li>\n\n\n\n<li><strong>Einsatz 39-41 &#8211; 2020<\/strong><br>14. August 2020 \u2013 16:13 Uhr<br>Stadtgebiet<br><a title=\"\u201eAbk\u00fchlung sorgt f\u00fcr Unwettereins\u00e4tze\" href=\"http:\/\/www.feuerwehrkostheim.de\/?p=5746 target=\" rel=\"noopener noreferrer\">Abk\u00fchlung sorgt f\u00fcr Unwettereins\u00e4tze<\/a><\/li>\n\n\n\n<li><strong>Einsatz 42 &#8211; 2020<\/strong><br>17. August 2020 \u2013 00:28 Uhr<br>Hochheimer Stra\u00dfe<br><a title=\"\u201eN\u00e4chtliches Feuer schnell gel\u00f6scht\" href=\"http:\/\/www.feuerwehrkostheim.de\/?p=5755 target=\" rel=\"noopener noreferrer\">N\u00e4chtliches Feuer schnell gel\u00f6scht<\/a><\/li>\n\n\n\n<li><strong>Einsatz 43 &#8211; 2020<\/strong><br>26. August 2020 \u2013 21:03 Uhr<br>Kostheimer Landstra\u00dfe<br>F 1<br><a href=\"http:\/\/www.feuerwehrkostheim.de\/?p=5760\" target=\"_blank\" rel=\"noreferrer noopener\">Feuer unterhalb der Linde-Br\u00fccke<\/a><\/li>\n\n\n\n<li><strong>Einsatz 44 &#8211; 2020<\/strong><br>02. September 2020 \u2013 19:42 Uhr<br>Gustavsburger Stra\u00dfe<br>F 2 Y<br><a href=\"http:\/\/www.feuerwehrkostheim.de\/?p=5770\" target=\"_blank\" rel=\"noreferrer noopener\">Brandverdacht in der Siedlung<\/a><\/li>\n\n\n\n<li><strong>Einsatz 45 &#8211; 2020<\/strong><br>16. September 2020 \u2013 23:25 Uhr<br>Hauptstra\u00dfe 1 \/ Fa. Essity<br>F 2<br><a href=\"http:\/\/www.feuerwehrkostheim.de\/?p=5777\" target=\"_blank\" rel=\"noreferrer noopener\">Feuerwehreinsatz im Papierwerk ger\u00e4t zur Nebensache \u2013 Zeitverzug und Eigenunfall sorgen Unmut<\/a><\/li>\n\n\n\n<li><strong>Einsatz 46 &#8211; 2020<\/strong><br>18. September 2020 \u2013 19:10 Uhr<br>Taunusstra\u00dfe<br>F 2<br><a href=\"http:\/\/www.feuerwehrkostheim.de\/?p=5781\" target=\"_blank\" rel=\"noreferrer noopener\">Angebranntes Kochgut in Alt-Kostheim<\/a><\/li>\n\n\n\n<li><strong>Einsatz 47 &#8211; 2020<\/strong><br>26. September 2020 \u2013 04:46 Uhr<br>Fl\u00f6rsheimer Stra\u00dfe<br>F 2<br><a href=\"http:\/\/www.feuerwehrkostheim.de\/?p=5784\" target=\"_blank\" rel=\"noreferrer noopener\">Kasteler Brandserie setzt sich in Kostheim fort<\/a><\/li>\n\n\n\n<li><strong>Einsatz 48 &#8211; 2020<\/strong><br>02. Oktober 2020 \u2013 15:14 Uhr<br>Alsenstra\u00dfe <br>F 2 &#8211; Alarmgruppe mit FF Kastel<br><a href=\"http:\/\/www.feuerwehrkostheim.de\/?p=5787\" target=\"_blank\" rel=\"noreferrer noopener\">Brandverdacht in der Alsenstra\u00dfe<\/a><\/li>\n\n\n\n<li><strong>Einsatz 49 &#8211; 2020<\/strong><br>05. Oktober 2020 \u2013 16:06 Uhr<br>Gustavsburger Stra\u00dfe<br>F 2 &#8211; Alarmgruppe mit FF Kastel<br><a href=\"http:\/\/www.feuerwehrkostheim.de\/?p=5790\" target=\"_blank\" rel=\"noreferrer noopener\">Brandverdacht in der Siedlung entpuppt sich als Fehlalarm<\/a><\/li>\n\n\n\n<li><strong>Einsatz 50 &#8211; 2020<\/strong><br>06. Oktober 2020 \u2013 05:56 Uhr<br>Kommerzienrat-Disch-Br\u00fccke 1 \/ Fa. Essity<br>F 2<br><a href=\"http:\/\/www.feuerwehrkostheim.de\/?p=5794\" target=\"_blank\" rel=\"noreferrer noopener\">Feuer schnell gel\u00f6scht<\/a><\/li>\n\n\n\n<li><strong>Einsatz 51 &#8211; 2020<\/strong><br>15. Oktober 2020 \u2013 16:11 Uhr<br>Am Mainzer Weg<br>F 2 &#8211; Alarmgruppe mit FF Kastel<br><a href=\"http:\/\/www.feuerwehrkostheim.de\/?p=5797\" target=\"_blank\" rel=\"noreferrer noopener\">Verdacht auf ausgel\u00f6ste L\u00f6schanlage<\/a><\/li>\n\n\n\n<li><strong>Einsatz 52 &#8211; 2020<\/strong><br>17. Oktober 2020 \u2013 13:38 Uhr<br>Rhein<br>H FLUSS Y<br><a href=\"http:\/\/www.feuerwehrkostheim.de\/?p=5799\" target=\"_blank\" rel=\"noreferrer noopener\">Wasserrettungseinsatz auf dem Rhein<\/a><\/li>\n\n\n\n<li><strong>Einsatz 53 &#8211; 2020<\/strong><br>11. November 2020 \u2013 12:25 Uhr<br>Kronenstra\u00dfe<br>F 2<br><a href=\"http:\/\/www.feuerwehrkostheim.de\/?p=5803\" target=\"_blank\" rel=\"noreferrer noopener\">Angebranntes Kochgut in der Kronenstra\u00dfe<\/a><\/li>\n\n\n\n<li><strong>Einsatz 54 &#8211; 2020<\/strong><br>13. November 2020 \u2013 20:13 Uhr<br>Kommerzienrat-Disch-Br\u00fccke 1 \/ Fa. Essity<br>F 2<br><a href=\"http:\/\/www.feuerwehrkostheim.de\/?p=5805\" target=\"_blank\" rel=\"noreferrer noopener\">Zur Unterst\u00fctzung im Papierwerk<\/a><\/li>\n\n\n\n<li><strong>Einsatz 55 &#8211; 2020<\/strong><br>29. November 2020 \u2013 07:30 Uhr<br>RMCC<br>AMTSHILFE<br><a href=\"http:\/\/www.feuerwehrkostheim.de\/?p=5808\" target=\"_blank\" rel=\"noreferrer noopener\">\u00dcbungslauf f\u00fcr das Wiesbadener Impfzentrum<\/a><\/li>\n\n\n\n<li><strong>Einsatz 56 &#8211; 2020<\/strong><br>24. Dezember 2020 \u2013 14:06 Uhr<br>Uthmannstra\u00dfe<br>F 2 &#8211; Alarmgruppe mit FF Kastel<br><a href=\"http:\/\/www.feuerwehrkostheim.de\/?p=5816\" target=\"_blank\" rel=\"noreferrer noopener\">Brandverdacht in der Uthmannstra\u00dfe<\/a><\/li>\n<\/ul>\n","protected":false},"excerpt":{"rendered":"","protected":false},"author":1,"featured_media":0,"parent":751,"menu_order":0,"comment_status":"closed","ping_status":"closed","template":"","meta":{"_et_pb_use_builder":"","_et_pb_old_content":"","_et_gb_content_width":"","_crdt_document":"","footnotes":""},"class_list":["post-5520","page","type-page","status-publish","hentry"],"_links":{"self":[{"href":"https:\/\/www.feuerwehrkostheim.de\/index.php?rest_route=\/wp\/v2\/pages\/5520","targetHints":{"allow":["GET"]}}],"collection":[{"href":"https:\/\/www.feuerwehrkostheim.de\/index.php?rest_route=\/wp\/v2\/pages"}],"about":[{"href":"https:\/\/www.feuerwehrkostheim.de\/index.php?rest_route=\/wp\/v2\/types\/page"}],"author":[{"embeddable":true,"href":"https:\/\/www.feuerwehrkostheim.de\/index.php?rest_route=\/wp\/v2\/users\/1"}],"replies":[{"embeddable":true,"href":"https:\/\/www.feuerwehrkostheim.de\/index.php?rest_route=%2Fwp%2Fv2%2Fcomments&post=5520"}],"version-history":[{"count":21,"href":"https:\/\/www.feuerwehrkostheim.de\/index.php?rest_route=\/wp\/v2\/pages\/5520\/revisions"}],"predecessor-version":[{"id":7323,"href":"https:\/\/www.feuerwehrkostheim.de\/index.php?rest_route=\/wp\/v2\/pages\/5520\/revisions\/7323"}],"up":[{"embeddable":true,"href":"https:\/\/www.feuerwehrkostheim.de\/index.php?rest_route=\/wp\/v2\/pages\/751"}],"wp:attachment":[{"href":"https:\/\/www.feuerwehrkostheim.de\/index.php?rest_route=%2Fwp%2Fv2%2Fmedia&parent=5520"}],"curies":[{"name":"wp","href":"https:\/\/api.w.org\/{rel}","templated":true}]}}