{"id":4875,"date":"2018-12-30T11:22:45","date_gmt":"2018-12-30T10:22:45","guid":{"rendered":"https:\/\/www.feuerwehrkostheim.de\/?page_id=4875"},"modified":"2023-10-06T15:10:19","modified_gmt":"2023-10-06T14:10:19","slug":"einsaetze-2019","status":"publish","type":"page","link":"https:\/\/www.feuerwehrkostheim.de\/?page_id=4875","title":{"rendered":"Eins\u00e4tze 2019"},"content":{"rendered":"\n<ul class=\"wp-block-list\">\n<li><strong>Einsatz 01 &#8211; 2019<\/strong><br>04. Januar 2019 \u2013 16:05 Uhr<br>In der Witz &#8211; Alarmgruppe mit FF Kastel<br><a title=\"\u201eGemeldete Rauchentwicklung im Mehrfamilienhaus\" href=\"http:\/\/www.feuerwehrkostheim.de\/?p=4881\" target=\"_blank\" rel=\"noopener noreferrer\">Gemeldete Rauchentwicklung im Mehrfamilienhaus<\/a><\/li>\n\n\n\n<li><strong>Einsatz 02 &#8211; 2019<\/strong><br>06. Januar 2019 \u2013 08:01 Uhr<br>Passauer Stra\u00dfe<br><a title=\"\u201eM\u00fcllbeh\u00e4lter in Vollbrand\" href=\"http:\/\/www.feuerwehrkostheim.de\/?p=4891\" target=\"_blank\" rel=\"noopener noreferrer\">M\u00fcllbeh\u00e4lter in Vollbrand<\/a><\/li>\n\n\n\n<li><strong>Einsatz 03 &#8211; 2019<\/strong><br>06. Januar 2019 \u2013 17:35 Uhr<br>Am Gleisdreieck<br><a title=\"\u201eGemeldeter Gartenhausbrand im Gleisdreieck\" href=\"http:\/\/www.feuerwehrkostheim.de\/?p=4894\" target=\"_blank\" rel=\"noopener noreferrer\">Gemeldeter Gartenhausbrand im Gleisdreieck<\/a><\/li>\n\n\n\n<li><strong>Einsatz 04 &#8211; 2019<\/strong><br>21. Januar 2019 \u2013 16:34 Uhr<br>Hauptstra\u00dfe 1 &#8211; Alarmgruppe mit FF Kastel<br><a title=\"\u201eUnterst\u00fctzung der Werkfeuerwehr\" href=\"http:\/\/www.feuerwehrkostheim.de\/?p=4919\" target=\"_blank\" rel=\"noopener noreferrer\">Unterst\u00fctzung der Werkfeuerwehr<\/a><\/li>\n\n\n\n<li><strong>Einsatz 05 &#8211; 2019<\/strong><br>03. Februar 2019 \u2013 20:31 Uhr<br>Hugo-Wolf-Stra\u00dfe<br><a title=\"\u201eKaminbrand durch Feuerwehr \u201egel\u00f6scht\u201c\" href=\"http:\/\/www.feuerwehrkostheim.de\/?p=4929\" target=\"_blank\" rel=\"noopener noreferrer\">Kaminbrand durch Feuerwehr \u201egel\u00f6scht\u201c<\/a><\/li>\n\n\n\n<li><strong>Einsatz 06 &#8211; 2019<\/strong><br>11. Februar 2019 \u2013 18:39 Uhr<br>Feuerwache 2 &#8211; Alarmgruppe mit FF-Kastel<br><a title=\"\u201eBesetzung der Feuerwache 2\" href=\"http:\/\/www.feuerwehrkostheim.de\/?p=4945\" target=\"_blank\" rel=\"noopener noreferrer\">Besetzung der Feuerwache 2<\/a><\/li>\n\n\n\n<li><strong>Einsatz 07 &#8211; 2019<\/strong><br>16. Februar 2019 \u2013 22:44 Uhr<br>Feuerwache 2 &#8211; Alarmgruppe mit FF-Kastel<br><a title=\"\u201eWohnungsbrand in Bierstadt sorgt f\u00fcr Wachbesetzung\" href=\"http:\/\/www.feuerwehrkostheim.de\/?p=4956\" target=\"_blank\" rel=\"noopener noreferrer\">Wohnungsbrand in Bierstadt sorgt f\u00fcr Wachbesetzung<\/a><\/li>\n\n\n\n<li><strong>Einsatz 08 &#8211; 2019<\/strong><br>24. Februar 2019 \u2013 07:23 Uhr<br>Feuerwache 2 &#8211; Alarmgruppe mit FF-Kastel<br><a title=\"\u201eWohnungsbrand in Biebrich \u2013 Wachbesetzung der Feuerwache 2\" href=\"http:\/\/www.feuerwehrkostheim.de\/?p=5009\" target=\"_blank\" rel=\"noopener noreferrer\">Wohnungsbrand in Biebrich \u2013 Wachbesetzung der Feuerwache 2<\/a><\/li>\n\n\n\n<li><strong>Einsatz 09 &#8211; 2019<\/strong><br>27. Februar 2019 \u2013 16:04 Uhr<br>Schiersteiner Osthafen<br><a title=\"\u201eMassiver \u00d6lfilm auf dem Wasser im Schiersteiner Osthafen\" href=\"http:\/\/www.feuerwehrkostheim.de\/?p=5031\" target=\"_blank\" rel=\"noopener noreferrer\">Massiver \u00d6lfilm auf dem Wasser im Schiersteiner Osthafen<\/a><\/li>\n\n\n\n<li><strong>Einsatz 10 &#8211; 2019<\/strong><br>27. Februar 2019 \u2013 16:36 Uhr<br>Feuerwache 2 &#8211; Alarmgruppe mit FF-Kastel<br><a title=\"\u201eWieder Wachbesetzung auf der Feuerwache 2\" href=\"http:\/\/www.feuerwehrkostheim.de\/?p=5035\" target=\"_blank\" rel=\"noopener noreferrer\">Wieder Wachbesetzung auf der Feuerwache 2<\/a><\/li>\n\n\n\n<li><strong>Einsatz 11 &#8211; 2019<\/strong><br>02. M\u00e4rz 2019 \u2013 08:53 Uhr<br>Rhein &#8211; unterhalb TH-Br\u00fccke<br><a title=\"\u201ePerson aus dem Rhein gerettet\" href=\"http:\/\/www.feuerwehrkostheim.de\/?p=5038\" target=\"_blank\" rel=\"noopener noreferrer\">Person aus dem Rhein gerettet<\/a><\/li>\n\n\n\n<li><strong>Einsatz 12 &#8211; 2019<\/strong><br>06. M\u00e4rz 2019 \u2013 13:04 Uhr<br>Rhein &#8211; H\u00f6he TH-Br\u00fccke<br><a title=\"\u201eWasserrettungseinsatz auf dem Rhein\" href=\"http:\/\/www.feuerwehrkostheim.de\/?p=5056\" target=\"_blank\" rel=\"noopener noreferrer\">Wasserrettungseinsatz auf dem Rhein<\/a><\/li>\n\n\n\n<li><strong>Eins\u00e4tze 13-19 &#8211; 2019<\/strong><br>10. M\u00e4rz 2019 \u2013 15:18 Uhr<br>Stadtgebiet<br><a title=\"\u201eUnwettereins\u00e4tze wegen Sturmtief \u201eEberhard\u201c\" href=\"http:\/\/www.feuerwehrkostheim.de\/?p=5061\" target=\"_blank\" rel=\"noopener noreferrer\">Unwettereins\u00e4tze wegen Sturmtief \u201eEberhard\u201c<\/a><\/li>\n\n\n\n<li><strong>Einsatz 20 &#8211; 2019<\/strong><br>13. M\u00e4rz 2019 \u2013 14:21 Uhr<br>Rhein &#8211; H\u00f6he TH-Br\u00fccke<br><a title=\"\u201eGro\u00dfaufgebot an Rettungskr\u00e4ften in Folge einer Falschmeldung\" href=\"http:\/\/www.feuerwehrkostheim.de\/?p=5066\" target=\"_blank\" rel=\"noopener noreferrer\">Gro\u00dfaufgebot an Rettungskr\u00e4ften in Folge einer Falschmeldung<\/a><\/li>\n\n\n\n<li><strong>Einsatz 21 &#8211; 2019<\/strong><br>19. M\u00e4rz 2019 \u2013 23:11 Uhr<br>Hauptstra\u00dfe 1<br><a title=\"\u201eUnterst\u00fctzungseinsatz im Industriebetrieb\" href=\"http:\/\/www.feuerwehrkostheim.de\/?p=5070\" target=\"_blank\" rel=\"noopener noreferrer\">Unterst\u00fctzungseinsatz im Industriebetrieb<\/a><\/li>\n\n\n\n<li><strong>Einsatz 22 &#8211; 2019<\/strong><br>20. M\u00e4rz 2019 \u2013 15:14 Uhr<br>Rhein &#8211; H\u00f6he TH-Br\u00fccke<br><a title=\"\u201eErneuter Wasserrettungseinsatz auf dem Rhein\" href=\"http:\/\/www.feuerwehrkostheim.de\/?p=5072\" target=\"_blank\" rel=\"noopener noreferrer\">Erneuter Wasserrettungseinsatz auf dem Rhein<\/a><\/li>\n\n\n\n<li><strong>Einsatz 23 &#8211; 2019<\/strong><br>27. M\u00e4rz 2019 \u2013 10:41 Uhr<br>Castellumstra\u00dfe<br><a title=\"\u201eRauchentwicklung \u00fcber den Krautg\u00e4rten\" href=\"http:\/\/www.feuerwehrkostheim.de\/?p=5085\" target=\"_blank\" rel=\"noopener noreferrer\">Rauchentwicklung \u00fcber den Krautg\u00e4rten<\/a><\/li>\n\n\n\n<li><strong>Einsatz 24 &#8211; 2019<\/strong><br>07. April 2019 \u2013 17:40 Uhr<br>Rhein &#8211; H\u00f6he TH-Br\u00fccke<br><a title=\"\u201eWasserrettungseinsatz auf dem Rhein\" href=\"http:\/\/www.feuerwehrkostheim.de\/?p=5100\" target=\"_blank\" rel=\"noopener noreferrer\">Wasserrettungseinsatz auf dem Rhein<\/a><\/li>\n\n\n\n<li><strong>Einsatz 25 &#8211; 2019<\/strong><br>11. April 2019 \u2013 11:00 Uhr<br>Bierstadt<br><a title=\"\u201eUnterst\u00fctzungseinsatz wegen Bombenentsch\u00e4rfung\" href=\"http:\/\/www.feuerwehrkostheim.de\/?p=5105\" target=\"_blank\" rel=\"noopener noreferrer\">Unterst\u00fctzungseinsatz wegen Bombenentsch\u00e4rfung<\/a><\/li>\n\n\n\n<li><strong>Einsatz 26 &#8211; 2019<\/strong><br>29. April 2019 \u2013 15:38 Uhr<br>Steinern Stra\u00dfe<br><a title=\"\u201eBrandgeruch im Mehrfamilienhaus\" href=\"http:\/\/www.feuerwehrkostheim.de\/?p=5115\" target=\"_blank\" rel=\"noopener noreferrer\">Brandgeruch im Mehrfamilienhaus<\/a><\/li>\n\n\n\n<li><strong>Einsatz 27 &#8211; 2019<\/strong><br>06. Mai 2019 \u2013 23:33 Uhr<br>Steigweg<br><a title=\"\u201eHolzstapel geht in Flammen auf\" href=\"http:\/\/www.feuerwehrkostheim.de\/?p=5121\" target=\"_blank\" rel=\"noopener noreferrer\">Holzstapel geht in Flammen auf<\/a><\/li>\n\n\n\n<li><strong>Einsatz 28 &#8211; 2019<\/strong><br>09. Mai 2019 \u2013 17:03 Uhr<br>Fl\u00f6\u00dferweg<br><a title=\"\u201eFalscher Notruf sorgt f\u00fcr unn\u00f6tigen Feuerwehreinsatz\" href=\"http:\/\/www.feuerwehrkostheim.de\/?p=5123\" target=\"_blank\" rel=\"noopener noreferrer\">Falscher Notruf sorgt f\u00fcr unn\u00f6tigen Feuerwehreinsatz<\/a><\/li>\n\n\n\n<li><strong>Einsatz 29\/30 &#8211; 2019<\/strong><br>16. Mai 2019 \u2013 06:38 Uhr<br>Reduit \/ Rheingoldhalle Mainz<br><a title=\"\u201eKostheimer Wehr f\u00e4hrt \u00fcber den Rhein und unterst\u00fctzt beim Gro\u00dfbrand\" href=\"http:\/\/www.feuerwehrkostheim.de\/?p=5127\" target=\"_blank\" rel=\"noopener noreferrer\">Kostheimer Wehr f\u00e4hrt \u00fcber den Rhein und unterst\u00fctzt beim Gro\u00dfbrand<\/a><\/li>\n\n\n\n<li><strong>Einsatz 31 &#8211; 2019<\/strong><br>22. Mai 2019 \u2013 22:26 Uhr<br>Rhein &#8211; H\u00f6he TH-Br\u00fccke<br><a title=\"\u201ePerson im Rhein gemeldet\" href=\"http:\/\/www.feuerwehrkostheim.de\/?p=5136\" target=\"_blank\" rel=\"noopener noreferrer\">Person im Rhein gemeldet<\/a><\/li>\n\n\n\n<li><strong>Einsatz 32 &#8211; 2019<\/strong><br>23. Mai 2019 \u2013 13:55 Uhr<br>Rhein &#8211; Unterhalb TH-Br\u00fccke<br><a title=\"\u201eAngeblich gekentertes Kanu samt Person im Rhein\" href=\"http:\/\/www.feuerwehrkostheim.de\/?p=5138\" target=\"_blank\" rel=\"noopener noreferrer\">Angeblich gekentertes Kanu samt Person im Rhein<\/a><\/li>\n\n\n\n<li><strong>Einsatz 33 &#8211; 2019<\/strong><br>27. Mai 2019 \u2013 08:28 Uhr<br>Im Sampel<br><a title=\"\u201eBrennende M\u00fclltonnen gemeldet\" href=\"http:\/\/www.feuerwehrkostheim.de\/?p=5170\" target=\"_blank\" rel=\"noopener noreferrer\">Brennende M\u00fclltonnen gemeldet<\/a><\/li>\n\n\n\n<li><strong>Einsatz 34 &#8211; 2019<\/strong><br>28. Mai 2019 \u2013 23:44 Uhr<br>Salzburger Stra\u00dfe<br><a title=\"\u201eLagerfeuer wird durch die Feuerwehr abgel\u00f6scht\" href=\"http:\/\/www.feuerwehrkostheim.de\/?p=5172\" target=\"_blank\" rel=\"noopener noreferrer\">Lagerfeuer wird durch die Feuerwehr abgel\u00f6scht<\/a><\/li>\n\n\n\n<li><strong>Einsatz 35 &#8211; 2019<\/strong><br>29. Mai 2019 \u2013 21:33 Uhr<br>Maaraue<br><a title=\"\u201eUnratfeuer unter der Maarauebr\u00fccke\" href=\"http:\/\/www.feuerwehrkostheim.de\/?p=5175\" target=\"_blank\" rel=\"noopener noreferrer\">Unratfeuer unter der Maarauebr\u00fccke<\/a><\/li>\n\n\n\n<li><strong>Einsatz 36 &#8211; 2019<\/strong><br>30. Mai 2019 \u2013 20:38 Uhr<br>Winterstra\u00dfe<br><a title=\"\u201eUnfall zwischen PKW und Mofa\" href=\"http:\/\/www.feuerwehrkostheim.de\/?p=5189\" target=\"_blank\" rel=\"noopener noreferrer\">Unfall zwischen PKW und Mofa<\/a><\/li>\n\n\n\n<li><strong>Einsatz 37 &#8211; 2019<\/strong><br>01. Juni 2019 \u2013 15:57 Uhr<br>Maaraue<br><a title=\"\u201eGrasfl\u00e4chenbrand auf der Maaraue\" href=\"http:\/\/www.feuerwehrkostheim.de\/?p=5191\" target=\"_blank\" rel=\"noopener noreferrer\">Grasfl\u00e4chenbrand auf der Maaraue<\/a><\/li>\n\n\n\n<li><strong>Einsatz 38 &#8211; 2019<\/strong><br>01. Juni 2019 \u2013 20:18 Uhr<br>Rheinufer Kastel<br><a title=\"\u201eAbgebrannte M\u00fclltonne am Kasteler Rheinufer\" href=\"http:\/\/www.feuerwehrkostheim.de\/?p=5194\" target=\"_blank\" rel=\"noopener noreferrer\">Abgebrannte M\u00fclltonne am Kasteler Rheinufer<\/a><\/li>\n\n\n\n<li><strong>Einsatz 39 &#8211; 2019<\/strong><br>05. Juni 2019 \u2013 00:44 Uhr<br>Hauptstra\u00dfe 1<br><a title=\"\u201eBrand in der Abluftanlage einer Papiermaschine\" href=\"http:\/\/www.feuerwehrkostheim.de\/?p=5197\" target=\"_blank\" rel=\"noopener noreferrer\">Brand in der Abluftanlage einer Papiermaschine<\/a><\/li>\n\n\n\n<li><strong>Einsatz 40 &#8211; 2019<\/strong><br>06. Juni 2019 \u2013 12:44 Uhr<br>Rhein &#8211; H\u00f6he TH-Br\u00fccke<br><a title=\"\u201eTreibende Puppe l\u00f6st Wasserrettungseinsatz aus\" href=\"http:\/\/www.feuerwehrkostheim.de\/?p=5206\" target=\"_blank\" rel=\"noopener noreferrer\">Treibende Puppe l\u00f6st Wasserrettungseinsatz aus<\/a><\/li>\n\n\n\n<li><strong>Einsatz 41 &#8211; 2019<\/strong><br>06. Juni 2019 \u2013 13:44 Uhr<br>Uthmannstra\u00dfe &#8211; Alarmgruppe mit FF Kastel<br><a title=\"\u201eAusgel\u00f6ster Heimrauchmelder im Mehrfamilienhaus\" href=\"http:\/\/www.feuerwehrkostheim.de\/?p=5209\" target=\"_blank\" rel=\"noopener noreferrer\">Ausgel\u00f6ster Heimrauchmelder im Mehrfamilienhaus<\/a><\/li>\n\n\n\n<li><strong>Einsatz 42 &#8211; 2019<\/strong><br>06. Juni 2019 \u2013 19:17 Uhr<br>Maaraue<br><a title=\"\u201eBrennende Grasfl\u00e4che auf der Maaraue\" href=\"http:\/\/www.feuerwehrkostheim.de\/?p=5212\" target=\"_blank\" rel=\"noopener noreferrer\">Brennende Grasfl\u00e4che auf der Maaraue<\/a><\/li>\n\n\n\n<li><strong>Einsatz 43 &#8211; 2019<\/strong><br>14. Juni 2019 \u2013 21:04 Uhr<br>Rhein &#8211; H\u00f6he TH-Br\u00fccke<br><a title=\"\u201eWasserrettungseinsatz auf dem Rhein\" href=\"http:\/\/www.feuerwehrkostheim.de\/?p=5218\" target=\"_blank\" rel=\"noopener noreferrer\">Wasserrettungseinsatz auf dem Rhein<\/a><\/li>\n\n\n\n<li><strong>Einsatz 44 &#8211; 2019<\/strong><br>19. Juni 2019 \u2013 22:43 Uhr<br>Rhein &#8211; H\u00f6he Kaiserbr\u00fccke<br><a title=\"\u201eN\u00e4chtliche Suchaktion auf dem Rhein\" href=\"http:\/\/www.feuerwehrkostheim.de\/?p=5228\" target=\"_blank\" rel=\"noopener noreferrer\">N\u00e4chtliche Suchaktion auf dem Rhein<\/a><\/li>\n\n\n\n<li><strong>Einsatz 45 &#8211; 2019<\/strong><br>20. Juni 2019 \u2013 20:58 Uhr<br>Hauptstra\u00dfe 1<br><a title=\"\u201eEinsatz im Papierwerk\" href=\"http:\/\/www.feuerwehrkostheim.de\/?p=5232\" target=\"_blank\" rel=\"noopener noreferrer\">Einsatz im Papierwerk<\/a><\/li>\n\n\n\n<li><strong>Einsatz 46 &#8211; 2019<\/strong><br>22. Juni 2019 \u2013 16:08 Uhr<br>BAB 671 &#8211; Hochheim Nord Richtung Wiesbaden<br><a title=\"\u201ePKW-Brand auf der Autobahn entpuppt sich als Panne\" href=\"http:\/\/www.feuerwehrkostheim.de\/?p=5236\" target=\"_blank\" rel=\"noopener noreferrer\">PKW-Brand auf der Autobahn entpuppt sich als Panne<\/a><\/li>\n\n\n\n<li><strong>Einsatz 47 &#8211; 2019<\/strong><br>25. Juni 2019 \u2013 21:13 Uhr<br>Feuerwache 2 &#8211; Alarmgruppe mit FF-Kastel<br><a title=\"\u201eBesetzung der Feuerwache 2 in Kastel\" href=\"http:\/\/www.feuerwehrkostheim.de\/?p=5240\" target=\"_blank\" rel=\"noopener noreferrer\">Besetzung der Feuerwache 2 in Kastel<\/a><\/li>\n\n\n\n<li><strong>Einsatz 48 &#8211; 2019<\/strong><br>26. Juni 2019 \u2013 22:48 Uhr<br>Georg-Schollmayer-Weg<br><a title=\"\u201e300 Quadratmeter brennende Grasfl\u00e4che\" href=\"http:\/\/www.feuerwehrkostheim.de\/?p=5244\" target=\"_blank\" rel=\"noopener noreferrer\">300 Quadratmeter brennende Grasfl\u00e4che<\/a><\/li>\n\n\n\n<li><strong>Einsatz 49 &#8211; 2019<\/strong><br>27. Juni 2019 \u2013 03:32 Uhr<br>A 671 Kastel Richtung Wiesbaden &#8211; Alarmgruppe mit FF-Kastel<br><a title=\"\u201eVerkehrsunfall fordert Todesopfer und drei Schwerverletzte\" href=\"http:\/\/www.feuerwehrkostheim.de\/?p=5248\" target=\"_blank\" rel=\"noopener noreferrer\">Verkehrsunfall fordert Todesopfer und drei Schwerverletzte<\/a><\/li>\n\n\n\n<li><strong>Einsatz 50 &#8211; 2019<\/strong><br>28. Juni 2019 \u2013 10:56 Uhr<br>Feuerwache 2 &#8211; Alarmgruppe mit FF-Kastel<br><a title=\"\u201eBrand einer Photovoltaikanlage l\u00f6st Wachbesetzung mit Folgeeins\u00e4tzen aus\" href=\"http:\/\/www.feuerwehrkostheim.de\/?p=5250\" target=\"_blank\" rel=\"noopener noreferrer\">Brand einer Photovoltaikanlage l\u00f6st Wachbesetzung mit Folgeeins\u00e4tzen aus<\/a><\/li>\n\n\n\n<li><strong>Einsatz 51 &#8211; 2019<\/strong><br>28. Juni 2019 \u2013 12:54 Uhr<br>Rathausstra\u00dfe \/ Biebrich<br><a title=\"\u201eGemeldeter Dachstuhlbrand in Biebrich\" href=\"http:\/\/www.feuerwehrkostheim.de\/?p=5254\" target=\"_blank\" rel=\"noopener noreferrer\">Gemeldeter Dachstuhlbrand in Biebrich<\/a><\/li>\n\n\n\n<li><strong>Einsatz 52 &#8211; 2019<\/strong><br>02. Juli 2019 \u2013 19:41 Uhr<br>Uthmannstra\u00dfe<br><a title=\"\u201eGemeldeter Wohnungsbrand in der Uthmannstra\u00dfe\" href=\"http:\/\/www.feuerwehrkostheim.de\/?p=5277\" target=\"_blank\" rel=\"noopener noreferrer\">Gemeldeter Wohnungsbrand in der Uthmannstra\u00dfe<\/a><\/li>\n\n\n\n<li><strong>Einsatz 53\/54 &#8211; 2019<\/strong><br>03. Juli 2019 \u2013 17:49 Uhr<br>Jakob-Schick-Stra\u00dfe \/ Kurt-Hebach-Stra\u00dfe &#8211; Alarmgruppe mit FF-Kastel<br><a title=\"\u201eFeuer im Kasteler Gewerbebetrieb\" href=\"http:\/\/www.feuerwehrkostheim.de\/?p=5282\" target=\"_blank\" rel=\"noopener noreferrer\">Feuer im Kasteler Gewerbebetrieb<\/a><\/li>\n\n\n\n<li><strong>Einsatz 55 &#8211; 2019<\/strong><br>04. Juli 2019 \u2013 01:34 Uhr<br>Mainufer Bruchst\u00fcck<br><a title=\"\u201eStundenlanger Einsatz im Mainvorland\" href=\"http:\/\/www.feuerwehrkostheim.de\/?p=5291\" target=\"_blank\" rel=\"noopener noreferrer\">Stundenlanger Einsatz im Mainvorland<\/a><\/li>\n\n\n\n<li><strong>Einsatz 56 &#8211; 2019<\/strong><br>05. Juli 2019 \u2013 11:52 Uhr<br>Mainufer Bruchst\u00fcck &#8211; Alarmgruppe mit FF-Kastel<br><a title=\"\u201eErneut brennen B\u00e4ume im Bereich des Mainufers\" href=\"http:\/\/www.feuerwehrkostheim.de\/?p=5298\" target=\"_blank\" rel=\"noopener noreferrer\">Erneut brennen B\u00e4ume im Bereich des Mainufers<\/a><\/li>\n\n\n\n<li><strong>Einsatz 57 &#8211; 2019<\/strong><br>05. Juli 2019 \u2013 15:18 Uhr<br>Feldgemarkung zw. Kostheim und Hochheim &#8211; Alarmgruppe mit FF-Kastel<br><a title=\"\u201eGro\u00dfbrand auf einem Feld \u2013 Feuerwand rast auf Kleing\u00e4rten zu\" href=\"http:\/\/www.feuerwehrkostheim.de\/?p=5302\" target=\"_blank\" rel=\"noopener noreferrer\">Gro\u00dfbrand auf einem Feld \u2013 Feuerwand rast auf Kleing\u00e4rten zu<\/a><\/li>\n\n\n\n<li><strong>Einsatz 58 &#8211; 2019<\/strong><br>05. Juli 2019 \u2013 21:03 Uhr<br>Hochheimer Stra\u00dfe<br><a title=\"\u201eErneut starke Rauchentwicklung im Bereich Richtung Hochheim\" href=\"http:\/\/www.feuerwehrkostheim.de\/?p=5304\" target=\"_blank\" rel=\"noopener noreferrer\">Erneut starke Rauchentwicklung im Bereich Richtung Hochheim<\/a><\/li>\n\n\n\n<li><strong>Einsatz 59 &#8211; 2019<\/strong><br>05. Juli 2019 \u2013 21:14 Uhr<br>Mainufer Bruchst\u00fcck &#8211; Alarmgruppe mit FF-Kastel<br><a title=\"\u201eBrandnachschau an den Pappeln \u2013 Hinweis auf m\u00f6gliche Brandstiftung entdeckt\" href=\"http:\/\/www.feuerwehrkostheim.de\/?p=5306\" target=\"_blank\" rel=\"noopener noreferrer\">Brandnachschau an den Pappeln \u2013 Hinweis auf m\u00f6gliche Brandstiftung entdeckt<\/a><\/li>\n\n\n\n<li><strong>Einsatz 60 &#8211; 2019<\/strong><br>07. Juli 2019 \u2013 16:31 Uhr<br>Rhein &#8211; H\u00f6he Kaiserbr\u00fccke<br><a title=\"\u201eBootseinsatz mit schnellem Ende\" href=\"http:\/\/www.feuerwehrkostheim.de\/?p=5319\" target=\"_blank\" rel=\"noopener noreferrer\">Bootseinsatz mit schnellem Ende<\/a><\/li>\n\n\n\n<li><strong>Einsatz 61 &#8211; 2019<\/strong><br>09. Juli 2019 \u2013 13:02 Uhr<br>Mainufer Bruchst\u00fcck &#8211; Alarmgruppe mit FF-Kastel<br><a title=\"\u201e\u2026 und wieder geht es zu den Pappeln ans Mainufer\" href=\"http:\/\/www.feuerwehrkostheim.de\/?p=5324\" target=\"_blank\" rel=\"noopener noreferrer\">\u2026 und wieder geht es zu den Pappeln ans Mainufer<\/a><\/li>\n\n\n\n<li><strong>Einsatz 62 &#8211; 2019<\/strong><br>21. Juli 2019 \u2013 02:59 Uhr<br>Maaraue<br><a title=\"\u201eKokelnder Heuballen auf der Maaraue\" href=\"http:\/\/www.feuerwehrkostheim.de\/?p=5329\" target=\"_blank\" rel=\"noopener noreferrer\">Kokelnder Heuballen auf der Maaraue<\/a><\/li>\n\n\n\n<li><strong>Einsatz 63 &#8211; 2019<\/strong><br>27. Juli 2019 \u2013 00:20 Uhr<br>Rhein \u2013 TH-Br\u00fccke<br>H FLUSS Y<br><a title=\"\u201eMann springt von TH-Br\u00fccke \u2013 schnelle Rettung durch Wasserschutzpolizei\" href=\"http:\/\/www.feuerwehrkostheim.de\/?p=5332\" target=\"_blank\" rel=\"noopener noreferrer\">Mann springt von TH-Br\u00fccke \u2013 schnelle Rettung durch Wasserschutzpolizei<\/a><\/li>\n\n\n\n<li><strong>Einsatz 64 &#8211; 2019<\/strong><br>27. Juli 2019 \u2013 21:30 Uhr<br>Hochheimer Stra\u00dfe<br>F 1<br><a title=\"\u201eVerdacht auf PKW-Brand\" href=\"http:\/\/www.feuerwehrkostheim.de\/?p=5337\" target=\"_blank\" rel=\"noopener noreferrer\">Verdacht auf PKW-Brand<\/a><\/li>\n\n\n\n<li><strong>Einsatz 65 &#8211; 2019<\/strong><br>14. August 2019 \u2013 00:44 Uhr<br>Rhein &#8211; Kaiserbr\u00fccke<br>H FLUSS Y<br><a title=\"\u201ePerson soll von Br\u00fccke gesprungen sein\" href=\"http:\/\/www.feuerwehrkostheim.de\/?p=5341\" target=\"_blank\" rel=\"noopener noreferrer\">Person soll von Br\u00fccke gesprungen sein<\/a><\/li>\n\n\n\n<li><strong>Einsatz 66 &#8211; 2019<\/strong><br>21. August 2019 \u2013 23:00 Uhr<br>Rhein<br>H FLUSS Y<br><a title=\"\u201eErneuter Wasserrettungseinsatz auf dem Rhein\" href=\"http:\/\/www.feuerwehrkostheim.de\/?p=5351\" target=\"_blank\" rel=\"noopener noreferrer\">Erneuter Wasserrettungseinsatz auf dem Rhein<\/a><\/li>\n\n\n\n<li><strong>Einsatz 67 &#8211; 2019<\/strong><br>23. August 2019 \u2013 23:14 Uhr<br>Wallufer Stra\u00dfe<br>F 2 Y<br><a title=\"\u201eAufmerksamer Nachbar handelt umsichtig und verhindert Schlimmeres\" href=\"http:\/\/www.feuerwehrkostheim.de\/?p=5353\" target=\"_blank\" rel=\"noopener noreferrer\">Aufmerksamer Nachbar handelt umsichtig und verhindert Schlimmeres<\/a><\/li>\n\n\n\n<li><strong>Einsatz 68 &#8211; 2019<\/strong><br>25. August 2019 \u2013 13:35 Uhr<br>Am K\u00f6nigsflo\u00df &#8211; Kastel<br>F 2 Y<br><a title=\"\u201eZwei Schwerveretzte bei Feuer im 5. Obergeschoss\" href=\"http:\/\/www.feuerwehrkostheim.de\/?p=5355\" target=\"_blank\" rel=\"noopener noreferrer\">Zwei Schwerveretzte bei Feuer im 5. Obergeschoss<\/a><\/li>\n\n\n\n<li><strong>Einsatz 69 &#8211; 2019<\/strong><br>28. August 2019 \u2013 22:54 Uhr<br>Mittlerer Sampelweg<br>F 1<br><a title=\"\u201eKleines Feuer \u2013 langer Einsatz\" href=\"http:\/\/www.feuerwehrkostheim.de\/?p=5367\" target=\"_blank\" rel=\"noopener noreferrer\">Kleines Feuer \u2013 langer Einsatz<\/a><\/li>\n\n\n\n<li><strong>Einsatz 70 &#8211; 2019<\/strong><br>03. September 2019 \u2013 10:16 Uhr<br>Bregenzer Stra\u00dfe<br>F 2 &#8211; Alarmgruppe mit FF-Kastel<br><a title=\"\u201eAngebranntes Kochgut in der Siedlung\" href=\"http:\/\/www.feuerwehrkostheim.de\/?p=5371\" target=\"_blank\" rel=\"noopener noreferrer\">Angebranntes Kochgut in der Siedlung<\/a><\/li>\n\n\n\n<li><strong>Einsatz 71 &#8211; 2019<\/strong><br>05. September 2019 \u2013 20:38 Uhr<br>Eichenstra\u00dfe<br>F 1<br><a title=\"\u201eUnratfeuer auf einem Spielplatz\" href=\"http:\/\/www.feuerwehrkostheim.de\/?p=5376\" target=\"_blank\" rel=\"noopener noreferrer\">Unratfeuer auf einem Spielplatz<\/a><\/li>\n\n\n\n<li><strong>Einsatz 72 &#8211; 2019<\/strong><br>07. September 2019 \u2013 12:52 Uhr<br>Rhein &#8211; Unterhalb Weisenauer Br\u00fccke<br>H FLUSS Y<br><a title=\"\u201ePerson aus dem Rhein gerettet\" href=\"http:\/\/www.feuerwehrkostheim.de\/?p=5380\" target=\"_blank\" rel=\"noopener noreferrer\">Person aus dem Rhein gerettet<\/a><\/li>\n\n\n\n<li><strong>Einsatz 73 &#8211; 2019<\/strong><br>13. September 2019 \u2013 17:37 Uhr<br>Kiefernstra\u00dfe<br>F 2 &#8211; Alarmgruppe mit FF-Kastel<br><a title=\"\u201eUnklare Rauchentwicklung schnell erkundet\" href=\"http:\/\/www.feuerwehrkostheim.de\/?p=5383\" target=\"_blank\" rel=\"noopener noreferrer\">Unklare Rauchentwicklung schnell erkundet<\/a><\/li>\n\n\n\n<li><strong>Einsatz 74 &#8211; 2019<\/strong><br>18. September 2019 \u2013 21:13 Uhr<br>Am R\u00fcbenberg<br>F 1<br><a title=\"\u201eMehrere kleine Unratfeuer mussten abgel\u00f6scht werden\" href=\"http:\/\/www.feuerwehrkostheim.de\/?p=5386\" target=\"_blank\" rel=\"noopener noreferrer\">Mehrere kleine Unratfeuer mussten abgel\u00f6scht werden<\/a><\/li>\n\n\n\n<li><strong>Einsatz 75 &#8211; 2019<\/strong><br>20. September 2019 \u2013 21:26 Uhr<br>Rhein &#8211; TH-Br\u00fccke<br>H FLUSS Y<br><a title=\"\u201eSprungversuch einer Person gemeldet \u2013 Fehlalarm\" href=\"http:\/\/www.feuerwehrkostheim.de\/?p=5390\" target=\"_blank\" rel=\"noopener noreferrer\">Sprungversuch einer Person gemeldet \u2013 Fehlalarm<\/a><\/li>\n\n\n\n<li><strong>Einsatz 76 &#8211; 2019<\/strong><br>26. September 2019 \u2013 12:25 Uhr<br>Maaraue<br>F SCHIFF 1 &#8211; Alarmgruppe mit FF-Kastel<br><a title=\"\u201eMotor eines Bootes qualmt \u2013 Feuerwehreinsatz auf der Maaraue\" href=\"http:\/\/www.feuerwehrkostheim.de\/?p=5397\" target=\"_blank\" rel=\"noopener noreferrer\">Motor eines Bootes qualmt \u2013 Feuerwehreinsatz auf der Maaraue<\/a><\/li>\n\n\n\n<li><strong>Einsatz 77 &#8211; 2019<\/strong><br>02. Oktober 2019 \u2013 20:30 Uhr<br>Am K\u00f6nigsflo\u00df<br>F 3 Y<br><a title=\"\u201eGro\u00dfeinsatz wegen Brand in Seniorenzentrum\" href=\"http:\/\/www.feuerwehrkostheim.de\/?p=5400\" target=\"_blank\" rel=\"noopener noreferrer\">Gro\u00dfeinsatz wegen Brand in Seniorenzentrum<\/a><\/li>\n\n\n\n<li><strong>Einsatz 78 &#8211; 2019<\/strong><br>11. Oktober 2019 \u2013 19:52 Uhr<br>Gartenweg<br>F 2<br><a title=\"\u201eBrandverdacht im Gartenweg\" href=\"http:\/\/www.feuerwehrkostheim.de\/?p=5412\" target=\"_blank\" rel=\"noopener noreferrer\">Brandverdacht im Gartenweg<\/a><\/li>\n\n\n\n<li><strong>Einsatz 79 &#8211; 2019<\/strong><br>16. Oktober 2019 \u2013 14:05 Uhr<br>Im Sampel<br>H 1<br><a title=\"\u201eWasserschaden auf ca. 500m\u00b2 Kellerfl\u00e4che\" href=\"http:\/\/www.feuerwehrkostheim.de\/?p=5422\" target=\"_blank\" rel=\"noopener noreferrer\">Wasserschaden auf ca. 500m\u00b2 Kellerfl\u00e4che<\/a><\/li>\n\n\n\n<li><strong>Einsatz 80 &#8211; 2019<\/strong><br>21. Oktober 2019 \u2013 01:46 Uhr<br>Feuerwache 2<br>S WB &#8211; Alarmgruppe mit FF-Kastel<br><a title=\"\u201eWachbesetzung der Feuerwache 2\" href=\"http:\/\/www.feuerwehrkostheim.de\/?p=5427\" target=\"_blank\" rel=\"noopener noreferrer\">Wachbesetzung der Feuerwache 2<\/a><\/li>\n\n\n\n<li><strong>Einsatz 81 &#8211; 2019<\/strong><br>31. Oktober 2019 \u2013 21:17 Uhr<br>Hochheimer Stra\u00dfe<br>F 2<br><a title=\"\u201eBrandverdacht in der Hochheimer Stra\u00dfe\" href=\"http:\/\/www.feuerwehrkostheim.de\/?p=5437\" target=\"_blank\" rel=\"noopener noreferrer\">Brandverdacht in der Hochheimer Stra\u00dfe<\/a><\/li>\n\n\n\n<li><strong>Einsatz 82 &#8211; 2019<\/strong><br>14. November 2019 \u2013 07:02 Uhr<br>Maaraue<br>F 1 L-Wasser &#8211; Alarmgruppe mit FF-Kastel<br><a title=\"\u201eGemeldeter Gartenh\u00fcttenbrand auf der Maaraue\" href=\"http:\/\/www.feuerwehrkostheim.de\/?p=5445\" target=\"_blank\" rel=\"noopener noreferrer\">Gemeldeter Gartenh\u00fcttenbrand auf der Maaraue<\/a><\/li>\n\n\n\n<li><strong>Einsatz 83 &#8211; 2019<\/strong><br>14. November 2019 \u2013 07:02 Uhr<br>Am Gleisdreieck<br>F 2 &#8211; Alarmgruppe mit FF-Kastel<br><a title=\"\u201eErneuter Brandverdacht an einer Gartenh\u00fctte\" href=\"http:\/\/www.feuerwehrkostheim.de\/?p=5447\" target=\"_blank\" rel=\"noopener noreferrer\">Erneuter Brandverdacht an einer Gartenh\u00fctte<\/a><\/li>\n\n\n\n<li><strong>Einsatz 84\/85 &#8211; 2019<\/strong><br>14. November 2019 \u2013 15:18 Uhr \/ 22:14 Uhr<br>Hauptstra\u00dfe 1 \/ Fa. Essity<br>F 2<br><a href=\"http:\/\/www.feuerwehrkostheim.de\/?p=5449\" target=\"_blank\" rel=\"noreferrer noopener\">Zwei Br\u00e4nde im Kostheimer Papierwerk<\/a><\/li>\n\n\n\n<li><strong>Einsatz 86 &#8211; 2019<\/strong><br>18. November 2019 \u2013 07:57 Uhr<br>Hauptstra\u00dfe 1 \/ Fa. Essity<br>F 3 &#8211; Alarmgruppe mit FF Kastel<br><a href=\"http:\/\/www.feuerwehrkostheim.de\/?p=5451\" target=\"_blank\" rel=\"noreferrer noopener\">Feuer in der Altpapierverarbeitung<\/a><\/li>\n\n\n\n<li><strong>Einsatz 87 &#8211; 2019<\/strong><br>19. November 2019 \u2013 16:57 Uhr<br>Ortsgebiet Kastel<br>H 1 &#8211; Alarmgruppe mit FF Kastel<br><a href=\"http:\/\/www.feuerwehrkostheim.de\/?p=5454\" target=\"_blank\" rel=\"noreferrer noopener\">Kilometerlange Dieselspur sorgt f\u00fcr stundenlangen Einsatz<\/a><\/li>\n\n\n\n<li><strong>Einsatz 88 &#8211; 2019<\/strong><br>05. Dezember 2019 \u2013 10:30 Uhr<br>R\u00fcsselsheimer Stra\u00dfe<br>F 2 &#8211; Alarmgruppe mit FF Kastel<br><a href=\"http:\/\/www.feuerwehrkostheim.de\/?p=5462\" target=\"_blank\" rel=\"noreferrer noopener\">Brandverdacht in der Siedlung<\/a><\/li>\n\n\n\n<li><strong>Einsatz 89 &#8211; 2019<\/strong><br>07. Dezember 2019 \u2013 17:32 Uhr<br>Petersweg<br>F 2 &#8211; Alarmgruppe mit FF Kastel<br><a href=\"http:\/\/www.feuerwehrkostheim.de\/?p=5465\" target=\"_blank\" rel=\"noreferrer noopener\">Wohnungsbrand im Kasteler Petersweg<\/a><\/li>\n\n\n\n<li><strong>Einsatz 90 &#8211; 2019<\/strong><br>15. Dezember 2019 \u2013 18:08 Uhr<br>BAB 671<br>H KLEMM 1 Y &#8211; Alarmgruppe mit FF Kastel<br><a href=\"http:\/\/www.feuerwehrkostheim.de\/?p=5477\" target=\"_blank\" rel=\"noreferrer noopener\">Auto rast auf Rastplatz in geparkten LKW \u2013 zwei Verletzte<\/a><\/li>\n\n\n\n<li><strong>Einsatz 91 &#8211; 2019<\/strong><br>26. Dezember 2019 \u2013 03:41 Uhr<br>Hallgarter Stra\u00dfe<br>F 1<br><a href=\"http:\/\/www.feuerwehrkostheim.de\/?p=5495\" target=\"_blank\" rel=\"noreferrer noopener\">N\u00e4chtliche M\u00fclltonnenbr\u00e4nde<\/a><\/li>\n<\/ul>\n","protected":false},"excerpt":{"rendered":"","protected":false},"author":1,"featured_media":0,"parent":751,"menu_order":0,"comment_status":"closed","ping_status":"closed","template":"","meta":{"_et_pb_use_builder":"","_et_pb_old_content":"","_et_gb_content_width":"","_crdt_document":"","footnotes":""},"class_list":["post-4875","page","type-page","status-publish","hentry"],"_links":{"self":[{"href":"https:\/\/www.feuerwehrkostheim.de\/index.php?rest_route=\/wp\/v2\/pages\/4875","targetHints":{"allow":["GET"]}}],"collection":[{"href":"https:\/\/www.feuerwehrkostheim.de\/index.php?rest_route=\/wp\/v2\/pages"}],"about":[{"href":"https:\/\/www.feuerwehrkostheim.de\/index.php?rest_route=\/wp\/v2\/types\/page"}],"author":[{"embeddable":true,"href":"https:\/\/www.feuerwehrkostheim.de\/index.php?rest_route=\/wp\/v2\/users\/1"}],"replies":[{"embeddable":true,"href":"https:\/\/www.feuerwehrkostheim.de\/index.php?rest_route=%2Fwp%2Fv2%2Fcomments&post=4875"}],"version-history":[{"count":40,"href":"https:\/\/www.feuerwehrkostheim.de\/index.php?rest_route=\/wp\/v2\/pages\/4875\/revisions"}],"predecessor-version":[{"id":7326,"href":"https:\/\/www.feuerwehrkostheim.de\/index.php?rest_route=\/wp\/v2\/pages\/4875\/revisions\/7326"}],"up":[{"embeddable":true,"href":"https:\/\/www.feuerwehrkostheim.de\/index.php?rest_route=\/wp\/v2\/pages\/751"}],"wp:attachment":[{"href":"https:\/\/www.feuerwehrkostheim.de\/index.php?rest_route=%2Fwp%2Fv2%2Fmedia&parent=4875"}],"curies":[{"name":"wp","href":"https:\/\/api.w.org\/{rel}","templated":true}]}}