{"id":3954,"date":"2017-12-31T15:19:51","date_gmt":"2017-12-31T13:19:51","guid":{"rendered":"http:\/\/www.feuerwehrkostheim.de\/?page_id=3954"},"modified":"2018-12-30T11:10:59","modified_gmt":"2018-12-30T10:10:59","slug":"einsaetze-2018","status":"publish","type":"page","link":"https:\/\/www.feuerwehrkostheim.de\/?page_id=3954","title":{"rendered":"Eins\u00e4tze 2018"},"content":{"rendered":"<ul>\n<li><strong>Einsatz 01 &#8211; 2018<\/strong><br \/>\n01. Januar 2018 \u2013 00:29 Uhr<br \/>\nHochheimer Stra\u00dfe<br \/>\n<a title=\"2018 beginnt wie 2017 endete \u2013 einsatzreich\" href=\"http:\/\/www.feuerwehrkostheim.de\/?p=4143\">2018 beginnt wie 2017 endete \u2013 einsatzreich<\/a><\/li>\n<\/ul>\n<ul>\n<li><strong>Einsatz 02 &#8211; 2018<\/strong><br \/>\n01. Januar 2018 \u2013 00:50 Uhr<br \/>\nKonrad-Schollmayer-Stra\u00dfe \/ Maaraue<br \/>\n<a title=\"2018 beginnt wie 2017 endete \u2013 einsatzreich\" href=\"http:\/\/www.feuerwehrkostheim.de\/?p=4143\">2018 beginnt wie 2017 endete \u2013 einsatzreich<\/a><\/li>\n<\/ul>\n<ul>\n<li><strong>Einsatz 03 &#8211; 2018<\/strong><br \/>\n01. Januar 2018 \u2013 01:57 Uhr<br \/>\nTaunusstra\u00dfe<br \/>\n<a title=\"2018 beginnt wie 2017 endete \u2013 einsatzreich\" href=\"http:\/\/www.feuerwehrkostheim.de\/?p=4143\">2018 beginnt wie 2017 endete \u2013 einsatzreich<\/a><\/li>\n<\/ul>\n<ul>\n<li><strong>Einsatz 04 &#8211; 2018<\/strong><br \/>\n01. Januar 2018 \u2013 02:25 Uhr<br \/>\nWiesbadener Stra\u00dfe \/ Kastel<br \/>\n<a title=\"2018 beginnt wie 2017 endete \u2013 einsatzreich\" href=\"http:\/\/www.feuerwehrkostheim.de\/?p=4143\">2018 beginnt wie 2017 endete \u2013 einsatzreich<\/a><\/li>\n<\/ul>\n<ul>\n<li><strong>Einsatz 05 &#8211; 2018<\/strong><br \/>\n05. Januar 2018 \u2013 15:00 Uhr<br \/>\nMainufer Kostheim<br \/>\n<a title=\"Steigende Pegel an Rhein und Main \u2013 Aufbau der Hochwasserschutzw\u00e4nde\" href=\"http:\/\/www.feuerwehrkostheim.de\/?p=4153\">Steigende Pegel an Rhein und Main \u2013 Aufbau der Hochwasserschutzw\u00e4nde<\/a><\/li>\n<\/ul>\n<ul>\n<li><strong>Einsatz 06 \/ 07 &#8211; 2018<\/strong><br \/>\n07. Januar 2018 \u2013 11:28 Uhr<br \/>\nHauptstra\u00dfe<br \/>\n<a title=\"Eigent\u00fcmer im Urlaub \u2013 Fahrzeug steht in \u00fcberfluteter Garage am Mainufer\" href=\"http:\/\/www.feuerwehrkostheim.de\/?p=4163\">Eigent\u00fcmer im Urlaub \u2013 Fahrzeug steht in \u00fcberfluteter Garage am Mainufer<\/a><\/li>\n<\/ul>\n<ul>\n<li><strong>Einsatz 08 &#8211; 2018<\/strong><br \/>\n12. Januar 2018 \u2013 16:00 Uhr<br \/>\nMainufer Kostheim<br \/>\n<a title=\"R\u00fcckbau der Hochwasserschutzw\u00e4nde\" href=\"http:\/\/www.feuerwehrkostheim.de\/?p=4174\">R\u00fcckbau der Hochwasserschutzw\u00e4nde<\/a><\/li>\n<\/ul>\n<ul>\n<li><strong>Einsatz 09 &#8211; 2018<\/strong><br \/>\n17. Januar 2018 \u2013 21:03 Uhr<br \/>\nRhein \u2013 H\u00f6he TH-Br\u00fccke<br \/>\n<a title=\"Suche nach Person im Rhein ergebnislos abgebrochen\" href=\"http:\/\/www.feuerwehrkostheim.de\/?p=4183\">Suche nach Person im Rhein ergebnislos abgebrochen<\/a><\/li>\n<\/ul>\n<ul>\n<li><strong>Einsatz 10 &#8211; 2018<\/strong><br \/>\n19. Januar 2018 \u2013 23:59 Uhr<br \/>\nSalzburger Stra\u00dfe 27<br \/>\n<a title=\"M\u00fclltonnenbrand in der Salzburger Stra\u00dfe\" href=\"http:\/\/www.feuerwehrkostheim.de\/?p=4190\">M\u00fclltonnenbrand in der Salzburger Stra\u00dfe<\/a><\/li>\n<\/ul>\n<ul>\n<li><strong>Einsatz 11 &#8211; 2018<\/strong><br \/>\n20. Januar 2018 \u2013 03:42 Uhr<br \/>\nPassauer Stra\u00dfe 1<br \/>\n<a title=\"Zweiter Einsatz in einer Nacht \u2013 wieder brennen M\u00fclltonnen\" href=\"http:\/\/www.feuerwehrkostheim.de\/?p=4192\">Zweiter Einsatz in einer Nacht \u2013 wieder brennen M\u00fclltonnen<\/a><\/li>\n<\/ul>\n<ul>\n<li><strong>Einsatz 12 &#8211; 2018<\/strong><br \/>\n21. Januar 2018 \u2013 16:47 Uhr<br \/>\nAm R\u00fcbenberg<br \/>\n<a title=\"Brennender M\u00fclleimer geht von selbst aus\" href=\"http:\/\/www.feuerwehrkostheim.de\/?p=4195\">Brennender M\u00fclleimer geht von selbst aus<\/a><\/li>\n<\/ul>\n<ul>\n<li><strong>Einsatz 13 &#8211; 2018<\/strong><br \/>\n24. Januar 2018 \u2013 16:30 Uhr<br \/>\nMainufer<br \/>\n<a title=\"Erneutes Aufbauen der Hochwasserschutzw\u00e4nde am Mainufer\" href=\"http:\/\/www.feuerwehrkostheim.de\/?p=4204\">Erneutes Aufbauen der Hochwasserschutzw\u00e4nde am Mainufer<\/a><\/li>\n<\/ul>\n<ul>\n<li><strong>Einsatz 14 &#8211; 2018<\/strong><br \/>\n30. Januar 2018 \u2013 16:30 Uhr<br \/>\nMainufer<br \/>\n<a title=\"\u201eThe same procedure\u201c\u2026. \u2013 die Spundw\u00e4nde m\u00fcssen weg\" href=\"http:\/\/www.feuerwehrkostheim.de\/?p=4214\">\u201eThe same procedure\u201c\u2026. \u2013 die Spundw\u00e4nde m\u00fcssen weg<\/a><\/li>\n<\/ul>\n<ul>\n<li><strong>Einsatz 15 &#8211; 2018<\/strong><br \/>\n30. Januar 2018 \u2013 18:28 Uhr<br \/>\nWiesbadener Stra\u00dfe \/ Otto-Suhr-Ring<br \/>\n<a title=\"\u201eZwei Linienbusse kollidieren auf der Kreuzung \u2013 eine verletzte Person\" href=\"http:\/\/www.feuerwehrkostheim.de\/?p=4216\">Zwei Linienbusse kollidieren auf der Kreuzung \u2013 eine verletzte Person<\/a><\/li>\n<\/ul>\n<ul>\n<li><strong>Einsatz 16 &#8211; 2018<\/strong><br \/>\n06. Februar 2018 \u2013 18:33 Uhr<br \/>\nSteinern Stra\u00dfe<br \/>\n<a title=\"\u201eFeuer auf dem Balkon schnell gel\u00f6scht\" href=\"http:\/\/www.feuerwehrkostheim.de\/?p=4231\">Feuer auf dem Balkon schnell gel\u00f6scht<\/a><\/li>\n<\/ul>\n<ul>\n<li><strong>Einsatz 17 &#8211; 2018<\/strong><br \/>\n09. Februar 2018 \u2013 01:32 Uhr<br \/>\nHochheimer Stra\u00dfe<br \/>\n<a title=\"\u201eM\u00fclltonnen brennen an der Hauswand\" href=\"http:\/\/www.feuerwehrkostheim.de\/?p=4234\">M\u00fclltonnen brennen an der Hauswand<\/a><\/li>\n<\/ul>\n<ul>\n<li><strong>Einsatz 18 &#8211; 2018<\/strong><br \/>\n16. Februar 2018 \u2013 12:26 Uhr<br \/>\nHauptstra\u00dfe<br \/>\n<a title=\"\u201eGemeldete Rauchentwicklung in der Hauptstra\u00dfe\" href=\"http:\/\/www.feuerwehrkostheim.de\/?p=4239\">Gemeldete Rauchentwicklung in der Hauptstra\u00dfe<\/a><\/li>\n<\/ul>\n<ul>\n<li><strong>Einsatz 19 &#8211; 2018<\/strong><br \/>\n24. Februar 2018 \u2013 16:46 Uhr<br \/>\nMittlerer Sampelweg<br \/>\n<a title=\"\u201eUmgest\u00fcrzte Tanne im Sampelweg\" href=\"http:\/\/www.feuerwehrkostheim.de\/?p=4245\">Umgest\u00fcrzte Tanne im Sampelweg<\/a><\/li>\n<\/ul>\n<ul>\n<li><strong>Einsatz 20 &#8211; 2018<\/strong><br \/>\n25. Februar 2018 \u2013 14:04 Uhr<br \/>\nHochheimer Stra\u00dfe 80<br \/>\n<a title=\"\u201eRauchmelder warnt vor angebranntem Kochgut\" href=\"http:\/\/www.feuerwehrkostheim.de\/?p=4248\">Rauchmelder warnt vor angebranntem Kochgut<\/a><\/li>\n<\/ul>\n<ul>\n<li><strong>Einsatz 21 &#8211; 2018<\/strong><br \/>\n02. M\u00e4rz 2018 \u2013 09:47 Uhr<br \/>\nSchiersteiner Hafen<br \/>\n<a title=\"\u201eGekentertes Sportboot sorgt f\u00fcr Gro\u00dfeinsatz\" href=\"http:\/\/www.feuerwehrkostheim.de\/?p=4251\">Gekentertes Sportboot sorgt f\u00fcr Gro\u00dfeinsatz<\/a><\/li>\n<\/ul>\n<ul>\n<li><strong>Einsatz 22 &#8211; 2018<\/strong><br \/>\n02. M\u00e4rz 2018 \u2013 11:50 Uhr<br \/>\nFeuerwache 2<br \/>\n<a title=\"\u201eWachbesetzung aufgrund einer Bootsbergung\" href=\"http:\/\/www.feuerwehrkostheim.de\/?p=4255\">Wachbesetzung aufgrund einer Bootsbergung<\/a><\/li>\n<\/ul>\n<ul>\n<li><strong>Einsatz 23 &#8211; 2018<\/strong><br \/>\n03. M\u00e4rz 2018 \u2013 14:05 Uhr<br \/>\nBundesautobahn 671 \u2013 Abfahrt Kastel<br \/>\n<a title=\"\u201eUnfall auf der Autobahn mit drei beteiligten Fahrzeugen\" href=\"http:\/\/www.feuerwehrkostheim.de\/?p=4262\">Unfall auf der Autobahn mit drei beteiligten Fahrzeugen<\/a><\/li>\n<\/ul>\n<ul>\n<li><strong>Einsatz 24 &#8211; 2018<\/strong><br \/>\n03. M\u00e4rz 2018 \u2013 17:23 Uhr<br \/>\nHochheimer Stra\u00dfe<br \/>\n<a title=\"\u201eBrandverdacht in der Hochheimer Stra\u00dfe\" href=\"http:\/\/www.feuerwehrkostheim.de\/?p=4266\">Brandverdacht in der Hochheimer Stra\u00dfe<\/a><\/li>\n<\/ul>\n<ul>\n<li><strong>Einsatz 25 &#8211; 2018<\/strong><br \/>\n07. M\u00e4rz 2018 \u2013 11:29 Uhr<br \/>\nWiesbadener Stra\u00dfe \u2013 Kastel Housing<br \/>\n<a title=\"\u201eWasserschaden auf dem Gel\u00e4nde \u201eKastel Housing\u201c \u2013 ca. 2500m\u00b2 Keller betroffen\" href=\"http:\/\/www.feuerwehrkostheim.de\/?p=4270\">Wasserschaden auf dem Gel\u00e4nde \u201eKastel Housing\u201c \u2013 ca. 2500m\u00b2 Keller betroffen<\/a><\/li>\n<\/ul>\n<ul>\n<li><strong>Einsatz 26 &#8211; 2018<\/strong><br \/>\n09. M\u00e4rz 2018 \u2013 21:49 Uhr<br \/>\nWaldhofstra\u00dfe<br \/>\n<a title=\"\u201eNachbarin bemerkt Rauchentwicklung im Bereich von Garagen\" href=\"http:\/\/www.feuerwehrkostheim.de\/?p=4276\">Nachbarin bemerkt Rauchentwicklung im Bereich von Garagen<\/a><\/li>\n<\/ul>\n<ul>\n<li><strong>Einsatz 27 &#8211; 2018<\/strong><br \/>\n13. M\u00e4rz 2018 \u2013 12:29 Uhr<br \/>\nM\u00fcnchhofstra\u00dfe 70<br \/>\n<a title=\"\u201eWasserschaden in der alten ASB-Wache\" href=\"http:\/\/www.feuerwehrkostheim.de\/?p=4284\">Wasserschaden in der alten ASB-Wache<\/a><\/li>\n<\/ul>\n<ul>\n<li><strong>Einsatz 28 &#8211; 2018<\/strong><br \/>\n12. M\u00e4rz 2018 \u2013 08:18 Uhr<br \/>\nAlsenstra\u00dfe &#8211; Kastel<br \/>\n<a title=\"\u201eZeitung kokelt auf eingeschaltetem Herd \u2013 Rauchmelder warnt\" href=\"http:\/\/www.feuerwehrkostheim.de\/?p=4290\">Zeitung kokelt auf eingeschaltetem Herd \u2013 Rauchmelder warnt<\/a><\/li>\n<\/ul>\n<ul>\n<li><strong>Einsatz 29 &#8211; 2018<\/strong><br \/>\n24. M\u00e4rz 2018 \u2013 08:30 Uhr<br \/>\nFeuerwache 2 \u2013 Ludwig-Wolker-Stra\u00dfe<br \/>\n<a title=\"\u201eErrichtung eines zentralen Hochwasserschutzlagers\" href=\"http:\/\/www.feuerwehrkostheim.de\/?p=4316\">Errichtung eines zentralen Hochwasserschutzlagers<\/a><\/li>\n<\/ul>\n<ul>\n<li><strong>Einsatz 30 &#8211; 2018<\/strong><br \/>\n25. M\u00e4rz 2018 \u2013 19:52 Uhr<br \/>\nM\u00fcnchofstra\u00dfe<br \/>\n<a title=\"\u201eUnkontrollierter Brand in der Heizungsanlage\" href=\"http:\/\/www.feuerwehrkostheim.de\/?p=4318\">Unkontrollierter Brand in der Heizungsanlage<\/a><\/li>\n<\/ul>\n<ul>\n<li><strong>Einsatz 31 &#8211; 2018<\/strong><br \/>\n31. M\u00e4rz 2018 \u2013 02:29 Uhr<br \/>\nUthmannstra\u00dfe<br \/>\n<a title=\"\u201eTransporterunfall sorgt f\u00fcr eine Spur der Verw\u00fcstung \u2013 Fahrer schwer verletzt\" href=\"http:\/\/www.feuerwehrkostheim.de\/?p=4323\">Transporterunfall sorgt f\u00fcr eine Spur der Verw\u00fcstung \u2013 Fahrer schwer verletzt<\/a><\/li>\n<\/ul>\n<ul>\n<li><strong>Einsatz 32 &#8211; 2018<\/strong><br \/>\n05. April 2018 \u2013 18:58 Uhr<br \/>\nWinterstra\u00dfe<br \/>\n<a title=\"\u201eBrennender M\u00fclleimer an einer Bushaltestelle\" href=\"http:\/\/www.feuerwehrkostheim.de\/?p=4330\">Brennender M\u00fclleimer an einer Bushaltestelle<\/a><\/li>\n<\/ul>\n<ul>\n<li><strong>Einsatz 33 &#8211; 2018<\/strong><br \/>\n10. April 2018 \u2013 09:40 Uhr<br \/>\nUthmannstra\u00dfe<br \/>\n<a title=\"\u201eAngebranntes Kochgut durch Rauchmelder bemerkt\" href=\"http:\/\/www.feuerwehrkostheim.de\/?p=4334\">Angebranntes Kochgut durch Rauchmelder bemerkt<\/a><\/li>\n<\/ul>\n<ul>\n<li><strong>Einsatz 34 &#8211; 2018<\/strong><br \/>\n14. April 2018 \u2013 00:12 Uhr<br \/>\nSalzburger Stra\u00dfe<br \/>\n<a title=\"\u201eN\u00e4chtlicher M\u00fclltonnenbrand in der Siedlung \u2013 Parkmentalit\u00e4t auff\u00e4llig schlecht\" href=\"http:\/\/www.feuerwehrkostheim.de\/?p=4338\">N\u00e4chtlicher M\u00fclltonnenbrand in der Siedlung \u2013 Parkmentalit\u00e4t auff\u00e4llig schlecht<\/a><\/li>\n<\/ul>\n<ul>\n<li><strong>Einsatz 35 &#8211; 2018<\/strong><br \/>\n14. April 2018 \u2013 15:45 Uhr<br \/>\nBAB 671 &#8211; Kastel\/Mainzer Stra\u00dfe &#8211; Alarmgruppe<br \/>\n<a title=\"\u201eGemeldeter PKW-Brand auf der Autobahn\" href=\"http:\/\/www.feuerwehrkostheim.de\/?p=4342\">Gemeldeter PKW-Brand auf der Autobahn<\/a><\/li>\n<\/ul>\n<ul>\n<li><strong>Einsatz 36 &#8211; 2018<\/strong><br \/>\n20. April 2018 \u2013 12:22 Uhr<br \/>\nWiesbadender Stra\u00dfe &#8211; Alarmgruppe<br \/>\n<a title=\"\u201ePKW-Brand in der Wiesbadener Stra\u00dfe\" href=\"http:\/\/www.feuerwehrkostheim.de\/?p=4347\">PKW-Brand in der Wiesbadener Stra\u00dfe<\/a><\/li>\n<\/ul>\n<ul>\n<li><strong>Einsatz 37 &#8211; 2018<\/strong><br \/>\n22. April 2018 \u2013 12:02 Uhr<br \/>\nDaubhausweg<br \/>\n<a title=\"\u201eGr\u00f6\u00dfere Rauchentwicklung gesichtet \u2013 Ursache vermutlich eine Dampflok\" href=\"http:\/\/www.feuerwehrkostheim.de\/?p=4349\">Gr\u00f6\u00dfere Rauchentwicklung gesichtet \u2013 Ursache vermutlich eine Dampflok<\/a><\/li>\n<\/ul>\n<ul>\n<li><strong>Einsatz 38 &#8211; 2018<\/strong><br \/>\n25. April 2018 \u2013 23:02 Uhr<br \/>\nRhein \/ TH-Br\u00fccke<br \/>\n<a title=\"\u201ePerson will von der Br\u00fccke in den Rhein springen\" href=\"http:\/\/www.feuerwehrkostheim.de\/?p=4355\">Person will von der Br\u00fccke in den Rhein springen<\/a><\/li>\n<\/ul>\n<ul>\n<li><strong>Einsatz 39 &#8211; 2018<\/strong><br \/>\n04. Mai 2018 \u2013 17:05 Uhr<br \/>\nBereich Kasteler Bahnhof<br \/>\n<a title=\"\u201eGestr\u00fcpp und Unterholz brennen am alten Kasteler G\u00fcterbahnhof\" href=\"http:\/\/www.feuerwehrkostheim.de\/?p=4365\">Gestr\u00fcpp und Unterholz brennen am alten Kasteler G\u00fcterbahnhof<\/a><\/li>\n<\/ul>\n<ul>\n<li><strong>Einsatz 40 &#8211; 2018<\/strong><br \/>\n06. Mai 2018 \u2013 22:13 Uhr<br \/>\nM\u00fchlweg<br \/>\n<a title=\"\u201eNadelbaum im M\u00fchlweg geht in Flammen auf\" href=\"http:\/\/www.feuerwehrkostheim.de\/?p=4377\">Nadelbaum im M\u00fchlweg geht in Flammen auf<\/a><\/li>\n<\/ul>\n<ul>\n<li><strong>Einsatz 41 &#8211; 2018<\/strong><br \/>\n14. Mai 2018 \u2013 13:19 Uhr<br \/>\nCarlowitzstra\u00dfe 9<br \/>\n<a title=\"\u201eGemeldeter Brandgeruch im Treppenhaus\" href=\"http:\/\/www.feuerwehrkostheim.de\/?p=4381\">Gemeldeter Brandgeruch im Treppenhaus<\/a><\/li>\n<\/ul>\n<ul>\n<li><strong>Einsatz 42 &#8211; 2018<\/strong><br \/>\n16. Mai 2018 \u2013 11:47 Uhr<br \/>\nZenthofstra\u00dfe<br \/>\n<a title=\"\u201eAngebranntes Kochgut \u2013 Rauchmelder warnt\" href=\"http:\/\/www.feuerwehrkostheim.de\/?p=4384\">Angebranntes Kochgut \u2013 Rauchmelder warnt<\/a><\/li>\n<\/ul>\n<ul>\n<li><strong>Einsatz 43 &#8211; 2018<\/strong><br \/>\n20. Mai 2018 \u2013 08:45 Uhr<br \/>\nRhein &#8211; unterhalb Weisenauer Br\u00fccke<br \/>\n<a title=\"\u201eLangwierige Suchaktion auf dem Rhein ergebnislos abgebrochen\" href=\"http:\/\/www.feuerwehrkostheim.de\/?p=4387\">Langwierige Suchaktion auf dem Rhein ergebnislos abgebrochen<\/a><\/li>\n<\/ul>\n<ul>\n<li><strong>Einsatz 44 &#8211; 2018<\/strong><br \/>\n24. Mai 2018 \u2013 21:38 Uhr<br \/>\nRhein &#8211; H\u00f6he Rathaus \/ Rheingoldhalle<br \/>\n<a title=\"\u201eWasserrettungseinsatz am Donnerstagabend \u2013 tote Person im Rhein vorgefunden\" href=\"http:\/\/www.feuerwehrkostheim.de\/?p=4393\">Wasserrettungseinsatz am Donnerstagabend \u2013 tote Person im Rhein vorgefunden<\/a><\/li>\n<\/ul>\n<ul>\n<li><strong>Einsatz 45 &#8211; 2018<\/strong><br \/>\n25. Mai 2018 \u2013 10:38 Uhr<br \/>\nFl\u00f6\u00dferweg &#8211; Alarmgruppe mit FF Kastel<br \/>\n<a title=\"\u201eFeuer in einer Maisonettenwohnung\" href=\"http:\/\/www.feuerwehrkostheim.de\/?p=4397\">Feuer in einer Maisonettenwohnung<\/a><\/li>\n<\/ul>\n<ul>\n<li><strong>Einsatz 46-49 &#8211; 2018<\/strong><br \/>\n01. Juni 2018 \u2013 02:51 Uhr<br \/>\nStadtgebiet \/ Biebrich<br \/>\n<a title=\"\u201eN\u00e4chtliches Unwetter sorgt f\u00fcr Eins\u00e4tze im ganzen Stadtgebiet\" href=\"http:\/\/www.feuerwehrkostheim.de\/?p=4410\">N\u00e4chtliches Unwetter sorgt f\u00fcr Eins\u00e4tze im ganzen Stadtgebiet<\/a><\/li>\n<\/ul>\n<ul>\n<li><strong>Einsatz 50 &#8211; 2018<\/strong><br \/>\n02. Juni 2018 \u2013 11:38 Uhr<br \/>\nIm Sampel<br \/>\n<a title=\"\u201eRauchmelder l\u00f6st im 8. Stockwerk eines Hochhauses aus\" href=\"http:\/\/www.feuerwehrkostheim.de\/?p=4418\">Rauchmelder l\u00f6st im 8. Stockwerk eines Hochhauses aus<\/a><\/li>\n<\/ul>\n<ul>\n<li><strong>Einsatz 51 &#8211; 2018<\/strong><br \/>\n06. Juni 2018 \u2013 22:07 Uhr<br \/>\nKostheimer Landstra\u00dfe 21<br \/>\n<a title=\"\u201eBrandverdacht auf ehemaligem Linde-Areal\" href=\"http:\/\/www.feuerwehrkostheim.de\/?p=4584\">Brandverdacht auf ehemaligem Linde-Areal<\/a><\/li>\n<\/ul>\n<ul>\n<li><strong>Einsatz 52 &#8211; 2018<\/strong><br \/>\n11. Juni 2018 \u2013 13:32 Uhr<br \/>\nRhein &#8211; H\u00f6he Winterhafen<br \/>\n<a title=\"\u201ePersonen im Rhein l\u00f6sen Wasserrettungseinsatz aus\" href=\"http:\/\/www.feuerwehrkostheim.de\/?p=4588\">Personen im Rhein l\u00f6sen Wasserrettungseinsatz aus<\/a><\/li>\n<\/ul>\n<ul>\n<li><strong>Einsatz 53 &#8211; 2018<\/strong><br \/>\n12. Juni 2018 \u2013 15:03 Uhr<br \/>\nPassauer Stra\u00dfe &#8211; Alarmgruppe mit FF-Kastel<br \/>\n<a title=\"\u201eAngebranntes Kochgut in der Siedlung\" href=\"http:\/\/www.feuerwehrkostheim.de\/?p=4600\">Angebranntes Kochgut in der Siedlung<\/a><\/li>\n<\/ul>\n<ul>\n<li><strong>Einsatz 54 &#8211; 2018<\/strong><br \/>\n22. Juni 2018 \u2013 08:59 Uhr<br \/>\nA671 \/ Kastel-Hochheim Nord &#8211; Alarmgruppe mit FF-Kastel<br \/>\n<a title=\"\u201eFeuerwehr sucht brennenden LKW auf der BAB671\" href=\"http:\/\/www.feuerwehrkostheim.de\/?p=4621\">Feuerwehr sucht brennenden LKW auf der BAB671<\/a><\/li>\n<\/ul>\n<ul>\n<li><strong>Einsatz 55 &#8211; 2018<\/strong><br \/>\n26. Juni 2018 \u2013 01:40 Uhr<br \/>\nRhein \u2013 Ufer Mainz<br \/>\n<a title=\"\u201eN\u00e4chtlicher Einsatz auf dem Rhein\" href=\"http:\/\/www.feuerwehrkostheim.de\/?p=4623\">N\u00e4chtlicher Einsatz auf dem Rhein<\/a><\/li>\n<\/ul>\n<ul>\n<li><strong>Einsatz 56 &#8211; 2018<\/strong><br \/>\n26. Juni 2018 \u2013 11:32 Uhr<br \/>\nHochheimer Stra\u00dfe &#8211; Alarmgruppe mit FF-Kastel<br \/>\n<a title=\"\u201eFeuerschein auf Tankstellengel\u00e4nde \u2013 keine Gefahr\" href=\"http:\/\/www.feuerwehrkostheim.de\/?p=4626\">Feuerschein auf Tankstellengel\u00e4nde \u2013 keine Gefahr<\/a><\/li>\n<\/ul>\n<ul>\n<li><strong>Einsatz 57 &#8211; 2018<\/strong><br \/>\n27. Juni 2018 \u2013 19:48 Uhr<br \/>\nHochheimer Stra\u00dfe<br \/>\n<a title=\"\u201eNach dem WM-Aus: angebranntes Kochgut\" href=\"http:\/\/www.feuerwehrkostheim.de\/?p=4630\">Nach dem WM-Aus: angebranntes Kochgut<\/a><\/li>\n<\/ul>\n<ul>\n<li><strong>Einsatz 58 &#8211; 2018<\/strong><br \/>\n28. Juni 2018 \u2013 16:23 Uhr<br \/>\nMainzer Stra\u00dfe &#8211; Alarmgruppe mit FF-Kastel<br \/>\n<a title=\"\u201eBrandverdacht in der Mainzer Stra\u00dfe \u2013 Hamster sicher ins Freie gebracht\" href=\"http:\/\/www.feuerwehrkostheim.de\/?p=4633\">Brandverdacht in der Mainzer Stra\u00dfe \u2013 Hamster sicher ins Freie gebracht<\/a><\/li>\n<\/ul>\n<ul>\n<li><strong>Einsatz 59 &#8211; 2018<\/strong><br \/>\n29. Juni 2018 \u2013 09:48 Uhr<br \/>\nAlsenstra\u00dfe &#8211; Alarmgruppe mit FF-Kastel<br \/>\n<a title=\"\u201eBrandverdacht in der Alsenstra\u00dfe\" href=\"http:\/\/www.feuerwehrkostheim.de\/?p=4636\">Brandverdacht in der Alsenstra\u00dfe<\/a><\/li>\n<\/ul>\n<ul>\n<li><strong>Einsatz 60 &#8211; 2018<\/strong><br \/>\n29. Juni 2018 \u2013 11:48 Uhr<br \/>\nBahnstrecke H\u00f6he Essity Papierwerk &#8211; Alarmgruppe mit FF-Kastel<br \/>\n<a title=\"\u201eKurzschluss in der Oberleitung \u2013 lauter Knall und Funkenflug\" href=\"http:\/\/www.feuerwehrkostheim.de\/?p=4638\">Kurzschluss in der Oberleitung \u2013 lauter Knall und Funkenflug<\/a><\/li>\n<\/ul>\n<ul>\n<li><strong>Einsatz 61 &#8211; 2018<\/strong><br \/>\n30. Juni 2018 \u2013 15:46 Uhr<br \/>\nKostheimer Landstra\u00dfe &#8211; Bahnlinie<br \/>\n<a title=\"\u201eBrennender Bahndamm auf 30m\u00b2 \" href=\"http:\/\/www.feuerwehrkostheim.de\/?p=4641\">Brennender Bahndamm auf 30m\u00b2<\/a><\/li>\n<\/ul>\n<ul>\n<li><strong>Einsatz 62 &#8211; 2018<\/strong><br \/>\n01. Juli 2018 \u2013 16:34 Uhr<br \/>\nMaaraue<br \/>\n<a title=\"\u201eKokelnde Baumwurzeln auf der Maaraue\" href=\"http:\/\/www.feuerwehrkostheim.de\/?p=4649\">Kokelnde Baumwurzeln auf der Maaraue<\/a><\/li>\n<\/ul>\n<ul>\n<li><strong>Einsatz 63 &#8211; 2018<\/strong><br \/>\n04. Juli 2018 \u2013 11:06 Uhr<br \/>\nAm F\u00e4hncheskreuz &#8211; Alarmgruppe mit FF Kastel<br \/>\n<a title=\"\u201eAbgeerntetes Feld geht in Flammen auf \u2013 Ursache war unachtsames Hantieren mit Feuer\" href=\"http:\/\/www.feuerwehrkostheim.de\/?p=4655\">Abgeerntetes Feld geht in Flammen auf \u2013 Ursache war unachtsames Hantieren mit Feuer<\/a><\/li>\n<\/ul>\n<ul>\n<li><strong>Einsatz 64 &#8211; 2018<\/strong><br \/>\n09. Juli 2018 \u2013 15:33 Uhr<br \/>\nDeponiestra\u00dfe &#8211; Alarmgruppe mit FF Kastel<br \/>\n<a title=\"\u201eWieder brennen 100m\u00b2 Grasfl\u00e4che\" href=\"http:\/\/www.feuerwehrkostheim.de\/?p=4663\">Wieder brennen 100m\u00b2 Grasfl\u00e4che<\/a><\/li>\n<\/ul>\n<ul>\n<li><strong>Einsatz 65 &#8211; 2018<\/strong><br \/>\n12. Juli 2018 \u2013 17:27 Uhr<br \/>\nOtto-Suhr-Ring &#8211; Alarmgruppe mit FF Kastel<br \/>\n<a title=\"\u201eFeuer in Kleingartenanlage schnell gel\u00f6scht\" href=\"https:\/\/www.feuerwehrkostheim.de\/?p=4666\">Feuer in Kleingartenanlage schnell gel\u00f6scht<\/a><\/li>\n<\/ul>\n<ul>\n<li><strong>Einsatz 66 &#8211; 2018<\/strong><br \/>\n25. Juli 2018 \u2013 09:31 Uhr<br \/>\nOtto-Suhr-Ring &#8211; Alarmgruppe mit FF Kastel<br \/>\n<a title=\"\u201eRauchentwicklung im Otto-Suhr-Ring\" href=\"https:\/\/www.feuerwehrkostheim.de\/?p=4674\">Rauchentwicklung im Otto-Suhr-Ring<\/a><\/li>\n<\/ul>\n<ul>\n<li><strong>Einsatz 67 &#8211; 2018<\/strong><br \/>\n25. Juli 2018 \u2013 23:31 Uhr<br \/>\nRhein \/ Unterhalb TH-Br\u00fccke<br \/>\n<a title=\"\u201eVermeintliche Person im Rhein l\u00f6st Gro\u00dfeinsatz aus\" href=\"https:\/\/www.feuerwehrkostheim.de\/?p=4678\">Vermeintliche Person im Rhein l\u00f6st Gro\u00dfeinsatz aus<\/a><\/li>\n<\/ul>\n<ul>\n<li><strong>Einsatz 68 &#8211; 2018<\/strong><br \/>\n27. Juli 2018 \u2013 18:18 Uhr<br \/>\nWinterhafen Mainz<br \/>\n<a title=\"\u201eFeuer auf einem Sportboot im Mainzer Winterhafen\" href=\"https:\/\/www.feuerwehrkostheim.de\/?p=4684\">Feuer auf einem Sportboot im Mainzer Winterhafen<\/a><\/li>\n<\/ul>\n<ul>\n<li><strong>Einsatz 69 &#8211; 2018<\/strong><br \/>\n29. Juli 2018 \u2013 22:49 Uhr<br \/>\nPassauer Stra\u00dfe<br \/>\n<a title=\"\u201eKleinbrand auf dem Spielplatz \u2013 Parksituation f\u00fchrt mal wieder zum Zeitverzug\" href=\"https:\/\/www.feuerwehrkostheim.de\/?p=4689\">Kleinbrand auf dem Spielplatz \u2013 Parksituation f\u00fchrt mal wieder zum Zeitverzug<\/a><\/li>\n<\/ul>\n<ul>\n<li><strong>Einsatz 70 &#8211; 2018<\/strong><br \/>\n31. Juli 2018 \u2013 00:14 Uhr<br \/>\nIm Sampel 1<br \/>\n<a title=\"\u201eAngebranntes Kochgut in einer Wohnung im 5. Stock\" href=\"https:\/\/www.feuerwehrkostheim.de\/?p=4692\">Angebranntes Kochgut in einer Wohnung im 5. Stock<\/a><\/li>\n<\/ul>\n<ul>\n<li><strong>Einsatz 71 &#8211; 2018<\/strong><br \/>\n31. Juli 2018 \u2013 13:42 Uhr<br \/>\nFl\u00f6rsheimer Stra\u00dfe<br \/>\n<a title=\"\u201eSchmorende Kaffemaschine sorgt f\u00fcr einen Feuerwehreinsatz\" href=\"https:\/\/www.feuerwehrkostheim.de\/?p=4696\">Schmorende Kaffemaschine sorgt f\u00fcr einen Feuerwehreinsatz<\/a><\/li>\n<\/ul>\n<ul>\n<li><strong>Einsatz 72 &#8211; 2018<\/strong><br \/>\n31. Juli 2018 \u2013 19:08 Uhr<br \/>\nFeuerwache 2 &#8211; Alarmgruppe mit FF Kastel<br \/>\n<a title=\"\u201eWachbesetzung wegen Waldbrandeinsatz\" href=\"https:\/\/www.feuerwehrkostheim.de\/?p=4700\">Wachbesetzung wegen Waldbrandeinsatz<\/a><\/li>\n<\/ul>\n<ul>\n<li><strong>Einsatz 73 &#8211; 2018<\/strong><br \/>\n05. August 2018 \u2013 01:08 Uhr<br \/>\nSteinern Stra\u00dfe<br \/>\n<a title=\"\u201eBrennende Grasfl\u00e4che in der Steinern Stra\u00dfe\" href=\"https:\/\/www.feuerwehrkostheim.de\/?p=4710\">Brennende Grasfl\u00e4che in der Steinern Stra\u00dfe<\/a><\/li>\n<\/ul>\n<ul>\n<li><strong>Einsatz 74 &#8211; 2018<\/strong><br \/>\n06. August 2018 \u2013 19:29 Uhr<br \/>\nFeuerwache 2 &#8211; Alarmgruppe mit FF Kastel<br \/>\n<a title=\"\u201eWachbesetzung wegen Gro\u00dffeuer in Schierstein\" href=\"https:\/\/www.feuerwehrkostheim.de\/?p=4720\">Wachbesetzung wegen Gro\u00dffeuer in Schierstein<\/a><\/li>\n<\/ul>\n<ul>\n<li><strong>Einsatz 75 &#8211; 2018<\/strong><br \/>\n19. August 2018 \u2013 17:44 Uhr<br \/>\nBAB 671 \u2013 Mainz-Kastel \/ Mainzer Stra\u00dfe &#8211; Alarmgruppe mit FF Kastel<br \/>\n<a title=\"\u201eAlleinunfall auf der Autobahn\" href=\"https:\/\/www.feuerwehrkostheim.de\/?p=4727\">Alleinunfall auf der Autobahn<\/a><\/li>\n<\/ul>\n<ul>\n<li><strong>Einsatz 76 &#8211; 2018<\/strong><br \/>\n22. August 2018 \u2013 22:45 Uhr<br \/>\nSalzburger Stra\u00dfe &#8211; Alarmgruppe mit FF Kastel<br \/>\n<a title=\"\u201eM\u00fclltonneninhalt geht in Flammen auf\" href=\"https:\/\/www.feuerwehrkostheim.de\/?p=4730\">M\u00fclltonneninhalt geht in Flammen auf<\/a><\/li>\n<\/ul>\n<ul>\n<li><strong>Einsatz 77 &#8211; 2018<\/strong><br \/>\n24. August 2018 \u2013 23:05 Uhr<br \/>\nSteinern Stra\u00dfe &#8211; Alarmgruppe mit FF Kastel<br \/>\n<a title=\"\u201eKleinbrand im Sandkasten\" href=\"https:\/\/www.feuerwehrkostheim.de\/?p=4733\">Kleinbrand im Sandkasten<\/a><\/li>\n<\/ul>\n<ul>\n<li><strong>Einsatz 78 &#8211; 2018<\/strong><br \/>\n26. August 2018 \u2013 03:41 Uhr<br \/>\nViktoriastra\u00dfe<br \/>\n<a title=\"\u201eN\u00e4chtlicher Einsatz wegen angebranntem Kochgut\" href=\"https:\/\/www.feuerwehrkostheim.de\/?p=4739\">N\u00e4chtlicher Einsatz wegen angebranntem Kochgut<\/a><\/li>\n<\/ul>\n<ul>\n<li><strong>Einsatz 79 &#8211; 2018<\/strong><br \/>\n17. September 2018 \u2013 19:30 Uhr<br \/>\nHe\u00dflerweg \/ Distrikt Am F\u00e4hncheskreuz<br \/>\n<a title=\"\u201eFeuer im Unterholz sorgt f\u00fcr stundenlangen Einsatz\" href=\"https:\/\/www.feuerwehrkostheim.de\/?p=4750\">Feuer im Unterholz sorgt f\u00fcr stundenlangen Einsatz<\/a><\/li>\n<\/ul>\n<ul>\n<li><strong>Einsatz 80 &#8211; 2018<\/strong><br \/>\n19. September 2018 \u2013 18:55 Uhr<br \/>\nSteinern Stra\u00dfe &#8211; Alarmgruppe mit FF Kastel<br \/>\n<a title=\"\u201eDefekte K\u00fchltruhe l\u00f6st Feuerwehreinsatz aus\" href=\"https:\/\/www.feuerwehrkostheim.de\/?p=4757\">Defekte K\u00fchltruhe l\u00f6st Feuerwehreinsatz aus<\/a><\/li>\n<\/ul>\n<ul>\n<li><strong>Einsatz 81 &#8211; 2018<\/strong><br \/>\n21. September 2018 \u2013 15:10 Uhr<br \/>\n\u00c4ppelallee &#8211; BKA II &#8211; Biebrich<br \/>\n<a title=\"\u201eEinsatzbereitschaft am Ger\u00e4tehaus und Brandmeldereinlauf beim BKA\" href=\"https:\/\/www.feuerwehrkostheim.de\/?p=4760\">Einsatzbereitschaft am Ger\u00e4tehaus und Brandmeldereinlauf beim BKA<\/a><\/li>\n<\/ul>\n<ul>\n<li><strong>Einsatz 82-83 &#8211; 2018<\/strong><br \/>\n23. September 2018 \u2013 16:48 Uhr<br \/>\nR\u00f6merfeld \/ Waldhofstra\u00dfe<br \/>\n<a title=\"\u201eSturmtief zieht \u00fcber Wiesbaden und sorgt f\u00fcr Feuerwehreins\u00e4tze\" href=\"https:\/\/www.feuerwehrkostheim.de\/?p=4766\">Sturmtief zieht \u00fcber Wiesbaden und sorgt f\u00fcr Feuerwehreins\u00e4tze<\/a><\/li>\n<\/ul>\n<ul>\n<li><strong>Einsatz 84 &#8211; 2018<\/strong><br \/>\n01. Oktober 2018 \u2013 09:25 Uhr<br \/>\nHauptstra\u00dfe &#8211; Alarmgruppe mit FF Kastel<br \/>\n<a title=\"\u201eBrand in einer Elektroverteilung\" href=\"https:\/\/www.feuerwehrkostheim.de\/?p=4773\">Brand in einer Elektroverteilung<\/a><\/li>\n<\/ul>\n<ul>\n<li><strong>Einsatz 85 &#8211; 2018<\/strong><br \/>\n02. Oktober 2018 \u2013 12:43 Uhr<br \/>\nBAB 671 &#8211; Alarmgruppe mit FF Kastel<br \/>\n<a title=\"\u201eAlleinunfall auf der Autobahn l\u00f6st Feuerwehreinsatz aus\" href=\"https:\/\/www.feuerwehrkostheim.de\/?p=4776\">Alleinunfall auf der Autobahn l\u00f6st Feuerwehreinsatz aus<\/a><\/li>\n<\/ul>\n<ul>\n<li><strong>Einsatz 86 &#8211; 2018<\/strong><br \/>\n14. Oktober 2018 \u2013 19:19 Uhr<br \/>\nRhein &#8211; Unterhalb TH-Br\u00fccke<br \/>\n<a title=\"\u201eWasserrettungseinsatz auf dem Rhein\" href=\"https:\/\/www.feuerwehrkostheim.de\/?p=4782\">Wasserrettungseinsatz auf dem Rhein<\/a><\/li>\n<\/ul>\n<ul>\n<li><strong>Einsatz 87 &#8211; 2018<\/strong><br \/>\n15. Oktober 2018 \u2013 23:31 Uhr<br \/>\nFirma Essity &#8211; Hauptstra\u00dfe 1<br \/>\n<a title=\"\u201eKleinbrand in einer Papierverarbeitungsmaschine\" href=\"https:\/\/www.feuerwehrkostheim.de\/?p=4785\">Kleinbrand in einer Papierverarbeitungsmaschine<\/a><\/li>\n<\/ul>\n<ul>\n<li><strong>Einsatz 88 &#8211; 2018<\/strong><br \/>\n17. Oktober 2018 \u2013 11:18 Uhr<br \/>\nTeufelsprung &#8211; Alarmgruppe mit FF Kastel<br \/>\n<a title=\"\u201eBrandverdacht durch Wasserschaden im Hochhaus\" href=\"https:\/\/www.feuerwehrkostheim.de\/?p=4788\">Brandverdacht durch Wasserschaden im Hochhaus<\/a><\/li>\n<\/ul>\n<ul>\n<li><strong>Einsatz 89 &#8211; 2018<\/strong><br \/>\n17. Oktober 2018 \u2013 14:56 Uhr<br \/>\nAm G\u00fcckelsberg &#8211; Alarmgruppe mit FF Kastel<br \/>\n<a title=\"\u201ePKW geht im Werkstattgeb\u00e4ude in Flammen auf\" href=\"https:\/\/www.feuerwehrkostheim.de\/?p=4790\">PKW geht im Werkstattgeb\u00e4ude in Flammen auf<\/a><\/li>\n<\/ul>\n<ul>\n<li><strong>Einsatz 90 &#8211; 2018<\/strong><br \/>\n17. Oktober 2018 \u2013 15:39 Uhr<br \/>\nCastellumstra\u00dfe &#8211; Alarmgruppe mit FF Kastel<br \/>\n<a title=\"\u201eAngebranntes Kochgut im vierten Obergeschoss\" href=\"https:\/\/www.feuerwehrkostheim.de\/?p=4791\">Angebranntes Kochgut im vierten Obergeschoss<\/a><\/li>\n<\/ul>\n<ul>\n<li><strong>Einsatz 91 &#8211; 2018<\/strong><br \/>\n17. Oktober 2018 \u2013 19:11 Uhr<br \/>\nBAB 671 &#8211; AS Hochheim \/ AS Mainz-Kastel &#8211; Alarmgruppe mit FF Kastel<br \/>\n<a title=\"\u201eVermeintlicher LKW-Brand auf der BAB 671 \u2013 vierter Einsatz am Mittwoch\" href=\"https:\/\/www.feuerwehrkostheim.de\/?p=4795\">Vermeintlicher LKW-Brand auf der BAB 671 \u2013 vierter Einsatz am Mittwoch<\/a><\/li>\n<\/ul>\n<ul>\n<li><strong>Einsatz 92 &#8211; 2018<\/strong><br \/>\n23. Oktober 2018 \u2013 14:21 Uhr<br \/>\nSteinern Stra\u00dfe &#8211; Alarmgruppe mit FF Kastel<br \/>\n<a title=\"\u201eAngebranntes Kochgut \u201egibt Rauchzeichen\u201c\" href=\"https:\/\/www.feuerwehrkostheim.de\/?p=4800\">Angebranntes Kochgut \u201egibt Rauchzeichen\u201c<\/a><\/li>\n<\/ul>\n<ul>\n<li><strong>Einsatz 93 &#8211; 2018<\/strong><br \/>\n03. November 2018 \u2013 13:21 Uhr<br \/>\nHafen Schierstein<br \/>\n<a title=\"\u201eVermuteter Sportbootbrand im Schiersteiner Hafen\" href=\"https:\/\/www.feuerwehrkostheim.de\/?p=4804\">Vermuteter Sportbootbrand im Schiersteiner Hafen<\/a><\/li>\n<\/ul>\n<ul>\n<li><strong>Einsatz 94 &#8211; 2018<\/strong><br \/>\n07. November 2018 \u2013 09:40 Uhr<br \/>\nFeuerwache 2 &#8211; Alarmgruppe mit FF Kastel<br \/>\n<a title=\"Wachbesetzung wegen Dachstuhlbrand in der Innenstadt\" href=\"https:\/\/www.feuerwehrkostheim.de\/?p=4813\">Wachbesetzung wegen Dachstuhlbrand in der Innenstadt<\/a><\/li>\n<\/ul>\n<ul>\n<li><strong>Einsatz 95 &#8211; 2018<\/strong><br \/>\n07. November 2018 \u2013 11:50 Uhr<br \/>\nLudwig-Beck-Stra\u00dfe \/ Biebrich &#8211; Alarmgruppe mit FF Kastel<br \/>\n<a title=\"Ausgel\u00f6ster Heimrauchmelder in Biebrich\u201c\" href=\"https:\/\/www.feuerwehrkostheim.de\/?p=4814\">Ausgel\u00f6ster Heimrauchmelder in Biebrich<\/a><\/li>\n<\/ul>\n<ul>\n<li><strong>Einsatz 96 &#8211; 2018<\/strong><br \/>\n13. November 2018 \u2013 08:45 Uhr<br \/>\nRhein &#8211; H\u00f6he Schiersteiner Br\u00fccke<br \/>\n<a title=\"Person im Rhein konnte schnell gesichert werden\" href=\"https:\/\/www.feuerwehrkostheim.de\/?p=4818\">Person im Rhein konnte schnell gesichert werden<\/a><\/li>\n<\/ul>\n<ul>\n<li><strong>Einsatz 97 &#8211; 2018<\/strong><br \/>\n23. November 2018 \u2013 05:14 Uhr<br \/>\nRatsherrenweg<br \/>\n<a title=\"Papiertonne geht in Flammen auf\" href=\"https:\/\/www.feuerwehrkostheim.de\/?p=4828\">Papiertonne geht in Flammen auf<\/a><\/li>\n<\/ul>\n<ul>\n<li><strong>Einsatz 98 &#8211; 2018<\/strong><br \/>\n30. November 2018 \u2013 13:28 Uhr<br \/>\nLudwigsplatz &#8211; Alarmgruppe mit FF Kastel<br \/>\n<a title=\"Angebranntes Kochgut schuld f\u00fcr Rauchentwicklung\" href=\"https:\/\/www.feuerwehrkostheim.de\/?p=4832\">Angebranntes Kochgut schuld f\u00fcr Rauchentwicklung<\/a><\/li>\n<\/ul>\n<ul>\n<li><strong>Einsatz 99 &#8211; 2018<\/strong><br \/>\n11. Dezember 2018 \u2013 11:30 Uhr<br \/>\nIm Sampel<br \/>\n<a title=\"Waschmaschine brennt im Keller \u2013 Geb\u00e4ude verraucht\" href=\"https:\/\/www.feuerwehrkostheim.de\/?p=4842\">Waschmaschine brennt im Keller \u2013 Geb\u00e4ude verraucht<\/a><\/li>\n<\/ul>\n<ul>\n<li><strong>Einsatz 100 &#8211; 2018<\/strong><br \/>\n16. Dezember 2018 \u2013 18:55 Uhr<br \/>\nRhein &#8211; H\u00f6he TH-Br\u00fccke<br \/>\n<a title=\"Frau aus Rhein gerettet \u2013 Wiederbelebungsversuche verliefen erfolglos\" href=\"https:\/\/www.feuerwehrkostheim.de\/?p=4853\">Frau aus Rhein gerettet \u2013 Wiederbelebungsversuche verliefen erfolglos<\/a><\/li>\n<\/ul>\n<ul>\n<li><strong>Einsatz 101 &#8211; 2018<\/strong><br \/>\n29. Dezember 2018 \u2013 21:04 Uhr<br \/>\nJohannesstra\u00dfe<br \/>\n<a title=\"Adventskranz geht in Flammen auf\" href=\"https:\/\/www.feuerwehrkostheim.de\/?p=4872\">Adventskranz geht in Flammen auf<\/a><\/li>\n<\/ul>\n","protected":false},"excerpt":{"rendered":"<p>Einsatz 01 &#8211; 2018 01. Januar 2018 \u2013 00:29 Uhr Hochheimer Stra\u00dfe 2018 beginnt wie 2017 endete \u2013 einsatzreich Einsatz 02 &#8211; 2018 01. Januar 2018 \u2013 00:50 Uhr Konrad-Schollmayer-Stra\u00dfe \/ Maaraue 2018 beginnt wie 2017 endete \u2013 einsatzreich Einsatz 03 &#8211; 2018 01. Januar 2018 \u2013 01:57 Uhr Taunusstra\u00dfe 2018 beginnt wie 2017 endete [&hellip;]<\/p>\n","protected":false},"author":1,"featured_media":0,"parent":751,"menu_order":0,"comment_status":"closed","ping_status":"closed","template":"","meta":{"_et_pb_use_builder":"","_et_pb_old_content":"","_et_gb_content_width":"","_crdt_document":"","footnotes":""},"class_list":["post-3954","page","type-page","status-publish","hentry"],"_links":{"self":[{"href":"https:\/\/www.feuerwehrkostheim.de\/index.php?rest_route=\/wp\/v2\/pages\/3954","targetHints":{"allow":["GET"]}}],"collection":[{"href":"https:\/\/www.feuerwehrkostheim.de\/index.php?rest_route=\/wp\/v2\/pages"}],"about":[{"href":"https:\/\/www.feuerwehrkostheim.de\/index.php?rest_route=\/wp\/v2\/types\/page"}],"author":[{"embeddable":true,"href":"https:\/\/www.feuerwehrkostheim.de\/index.php?rest_route=\/wp\/v2\/users\/1"}],"replies":[{"embeddable":true,"href":"https:\/\/www.feuerwehrkostheim.de\/index.php?rest_route=%2Fwp%2Fv2%2Fcomments&post=3954"}],"version-history":[{"count":9,"href":"https:\/\/www.feuerwehrkostheim.de\/index.php?rest_route=\/wp\/v2\/pages\/3954\/revisions"}],"predecessor-version":[{"id":4874,"href":"https:\/\/www.feuerwehrkostheim.de\/index.php?rest_route=\/wp\/v2\/pages\/3954\/revisions\/4874"}],"up":[{"embeddable":true,"href":"https:\/\/www.feuerwehrkostheim.de\/index.php?rest_route=\/wp\/v2\/pages\/751"}],"wp:attachment":[{"href":"https:\/\/www.feuerwehrkostheim.de\/index.php?rest_route=%2Fwp%2Fv2%2Fmedia&parent=3954"}],"curies":[{"name":"wp","href":"https:\/\/api.w.org\/{rel}","templated":true}]}}