{"id":143,"date":"2011-05-15T16:08:22","date_gmt":"2011-05-15T16:08:22","guid":{"rendered":"http:\/\/www.feuerwehrkostheim.de\/ffk\/?page_id=143"},"modified":"2019-12-30T22:01:25","modified_gmt":"2019-12-30T21:01:25","slug":"bambini-grundungsfeier","status":"publish","type":"page","link":"https:\/\/www.feuerwehrkostheim.de\/?page_id=143","title":{"rendered":"Bambini Gr\u00fcndungsfeier &#8211; 06. November 2004"},"content":{"rendered":"<p><img loading=\"lazy\" decoding=\"async\" class=\"aligncenter\" title=\"Bambini-Feuerwehr Titelbanner\" src=\"http:\/\/www.feuerwehrkostheim.de\/wp-content\/bilder\/bambini\/banner_bambini.jpg\" alt=\"\" width=\"604\" height=\"74\" \/>Als wir morgens anfingen, den Lehrsaal f\u00fcr die Feier herzurichten, konnten wir noch nicht ahnen, welchen Zuspruch seitens der neuen Bambinis herrschen w\u00fcrde. Um das k\u00fchle Ambiente eines Unterrichtsraumes etwas gem\u00fctlicher zu machen, haben wir die Tische herbstlich dekoriert und selbst gebastelte Laternen aufgestellt.<\/p>\n<p>Kurz vor 16 Uhr f\u00fcllte sich dann langsam der Saal und sehr schnell mussten wir noch ein paar Tische &#8220;anbauen&#8221;. Jeder unserer G\u00e4ste durfte sich auch in unser G\u00e4stebuch eintragen.<\/p>\n<p>Den Beginn des offiziellen Teils machten unsere Wehrf\u00fchrer \/ Vereinsvorsitzenden Thomas Stein und Torsten Krimmel, die in Ihren Gru\u00dfworten die Initiative der beiden Frauen begr\u00fc\u00dften, sich f\u00fcr F\u00f6rderung weiteren Feuerwehrnachwuchses zu engagieren. Auch der Verteter des Wiesbadener Oberb\u00fcrgermeisters, w\u00fcrdigte die bevorstehende Arbeit der jungen Betreuerinnen. In der heutigen Zeit ist es nicht mehr allt\u00e4glich, da\u00df sich jemand im Dienste der \u00f6ffentlichkeit bereitstellt und dar\u00fcber hinaus noch ehrenamtlich die F\u00f6rderung und Witerbildung von Kindern und Jugendlichen \u00fcbernehmen m\u00f6chte. Auch die Kostheimer Weinmajest\u00e4ten \u00fcberbrachten Gl\u00fcckw\u00fcnsche und schenkten den Bambinis anstatt ihres \u00fcblichen Weinpr\u00e4sentes eine T\u00fcte voller S\u00fc\u00dfigkeiten.<\/p>\n<p>Nach dem die Gru\u00dfworte gesprochen waren, hatten die 2 Initatorinnen die M\u00f6glichkeit den G\u00e4sten ihr ausgearbeites Konzept vorzustellen. Hierbei konnten auch schon die ersten Fragen der Eltern beantwortet werden.<\/p>\n<p>Als der offizielle Teil beendet war, nutzten Kinder und Eltern das Angebot, sich im Feuerwehrger\u00e4tehaus umzuschauen und sich von den anwesenden Aktiven die Fahrzeuge und andere Dinge erkl\u00e4ren zu lassen. Die Kuchentheke war zu diesem Zeitpunkt eher uninteressant. Neben den Fragen der Eltern und Kindern, standen die Bambinibetreuerinnen auch der Presse zur Verf\u00fcgung, die auch f\u00fcr die Veranstaltung eingeladen wurde.<\/p>\n<p>Gegen 19 Uhr leerte sich der Saal wieder und ein erfolgreicher Auftakt, neigte sich dem Ende. Alle freuen sich jetzt nur noch auf den Mittwoch (10. November), den Tag der ersten Bambinistunde.<\/p>\n","protected":false},"excerpt":{"rendered":"<p>Als wir morgens anfingen, den Lehrsaal f\u00fcr die Feier herzurichten, konnten wir noch nicht ahnen, welchen Zuspruch seitens der neuen Bambinis herrschen w\u00fcrde. Um das k\u00fchle Ambiente eines Unterrichtsraumes etwas gem\u00fctlicher zu machen, haben wir die Tische herbstlich dekoriert und selbst gebastelte Laternen aufgestellt. Kurz vor 16 Uhr f\u00fcllte sich dann langsam der Saal und [&hellip;]<\/p>\n","protected":false},"author":1,"featured_media":0,"parent":39,"menu_order":0,"comment_status":"closed","ping_status":"open","template":"","meta":{"_et_pb_use_builder":"","_et_pb_old_content":"","_et_gb_content_width":"","_crdt_document":"","footnotes":""},"class_list":["post-143","page","type-page","status-publish","hentry"],"_links":{"self":[{"href":"https:\/\/www.feuerwehrkostheim.de\/index.php?rest_route=\/wp\/v2\/pages\/143","targetHints":{"allow":["GET"]}}],"collection":[{"href":"https:\/\/www.feuerwehrkostheim.de\/index.php?rest_route=\/wp\/v2\/pages"}],"about":[{"href":"https:\/\/www.feuerwehrkostheim.de\/index.php?rest_route=\/wp\/v2\/types\/page"}],"author":[{"embeddable":true,"href":"https:\/\/www.feuerwehrkostheim.de\/index.php?rest_route=\/wp\/v2\/users\/1"}],"replies":[{"embeddable":true,"href":"https:\/\/www.feuerwehrkostheim.de\/index.php?rest_route=%2Fwp%2Fv2%2Fcomments&post=143"}],"version-history":[{"count":1,"href":"https:\/\/www.feuerwehrkostheim.de\/index.php?rest_route=\/wp\/v2\/pages\/143\/revisions"}],"predecessor-version":[{"id":5501,"href":"https:\/\/www.feuerwehrkostheim.de\/index.php?rest_route=\/wp\/v2\/pages\/143\/revisions\/5501"}],"up":[{"embeddable":true,"href":"https:\/\/www.feuerwehrkostheim.de\/index.php?rest_route=\/wp\/v2\/pages\/39"}],"wp:attachment":[{"href":"https:\/\/www.feuerwehrkostheim.de\/index.php?rest_route=%2Fwp%2Fv2%2Fmedia&parent=143"}],"curies":[{"name":"wp","href":"https:\/\/api.w.org\/{rel}","templated":true}]}}