{"id":103,"date":"2011-05-15T14:55:21","date_gmt":"2011-05-15T12:55:21","guid":{"rendered":"http:\/\/www.feuerwehrkostheim.de\/ffk\/?page_id=103"},"modified":"2018-06-02T14:12:26","modified_gmt":"2018-06-02T13:12:26","slug":"70er-jahre","status":"publish","type":"page","link":"https:\/\/www.feuerwehrkostheim.de\/?page_id=103","title":{"rendered":"70\u00b4er Jahre"},"content":{"rendered":"<p>Nach der Brandkatastrophe im Fr\u00fchjahr 1971 ging der Alltag weiter.<\/p>\n<p>Die Vorbereitungen zum 100j\u00e4hrigen Jubil\u00e4um der Wehr liefen an, <strong>1974<\/strong> war es dann soweit. Vom 10.Mai bis einschlie\u00dflich 20.Mai wurde gefeiert. Eine Brandangriffs\u00fcbung hierbei durfte da nicht fehlen. Hierzu wurde als Objekt der Industriehof angenommen. Unterst\u00fctzt von den Freiwilligen Wehren aus Kastel und Gustavsburg und der Werkfeuerwehr der PWA (heute SCA) waren sieben Fahrzeuge im Einsatz. Auch die M\u00e4nner vom ASB und DRK aus Kostheim wurden zur Versorgung der Verletzten herangezogen.<\/p>\n<p>Anl\u00e4\u00dflich des 100 j\u00e4hrigen Jubil\u00e4ums der Wehr wurde 1974 die Jugendfeuerwehr gegr\u00fcndet (siehe Jugendfeuerwehr).<\/p>\n<div style=\"width: 330px\" class=\"wp-caption aligncenter\"><img loading=\"lazy\" decoding=\"async\" title=\"70\u00b4er Jahre\" src=\"http:\/\/www.feuerwehrkostheim.de\/wp-content\/bilder\/chronik\/chronik_7.png\" alt=\"\" width=\"320\" height=\"240\" \/><p class=\"wp-caption-text\">1974 &#8211; 100 Jahre Feuerwehr Kostheim<\/p><\/div>\n<p>Nach den Feiern zum 100. Gr\u00fcndungstag ging der Alltag f\u00fcr die Feuerwehr Kostheim ohne gro\u00dfe Verschnaufpause weiter. Wehrf\u00fchrer Anton Werner trat aus gesundheitlichen Gr\u00fcnden von seinem Amt als Wehrf\u00fchrer zur\u00fcck und wurde zum Ehrenkommandanten ernannt. Kamerad Heinrich Henz wurde zum Wehrf\u00fchrer gew\u00e4hlt.<\/p>\n<p>Im Jahre <strong>1976<\/strong> brannte die Schiffswerft auf der Maaraue und nur durch schnelles Handeln der Kosteimer Wehrm\u00e4nner konnte das angrenzende Wohnhaus vor den Flammen gesch\u00fctzt werden<\/p>\n<p><strong>1977<\/strong> gab es wieder ein Wechsel an der F\u00fchrungsspitze der Kostheimer Feuerwehr. G\u00fcnther V\u00f6lcker \u00fcbernahm nun die Wehrf\u00fchrung.<br \/>\nWegen Ehestreitigkeiten z\u00fcndete ein 28 Jahre alter Mann eine Scheune an, in der 23 Jungbullen qualvoll verendeten. Innerhalb von zwei Tagen r\u00fcckte die Wehr zu zwei Gro\u00dfbr\u00e4nden bei der Fa. Linde aus. Die Sch\u00e4den gingen in die Millionen.<\/p>\n<p><strong>1978 <\/strong>wurde es \u201dStill\u201d in Kostheim. Die Wehrm\u00e4nner wurden n\u00e4mlich mit kleinen Funkalarmempf\u00e4ngern ausger\u00fcstet. Fortan hatte das Heulen der Sirenen im Kostheim bei Feueralarm in der Nacht und am Tag ein Ende.<br \/>\nErstmals erwarben zwei Mitglieder der Jugendwehr die Leistungsspange der Deutschen Jugendfeuerwehr.<\/p>\n","protected":false},"excerpt":{"rendered":"<p>Nach der Brandkatastrophe im Fr\u00fchjahr 1971 ging der Alltag weiter. Die Vorbereitungen zum 100j\u00e4hrigen Jubil\u00e4um der Wehr liefen an, 1974 war es dann soweit. Vom 10.Mai bis einschlie\u00dflich 20.Mai wurde gefeiert. Eine Brandangriffs\u00fcbung hierbei durfte da nicht fehlen. Hierzu wurde als Objekt der Industriehof angenommen. Unterst\u00fctzt von den Freiwilligen Wehren aus Kastel und Gustavsburg und [&hellip;]<\/p>\n","protected":false},"author":1,"featured_media":0,"parent":59,"menu_order":0,"comment_status":"closed","ping_status":"closed","template":"","meta":{"_et_pb_use_builder":"","_et_pb_old_content":"","_et_gb_content_width":"","_crdt_document":"","footnotes":""},"class_list":["post-103","page","type-page","status-publish","hentry"],"_links":{"self":[{"href":"https:\/\/www.feuerwehrkostheim.de\/index.php?rest_route=\/wp\/v2\/pages\/103","targetHints":{"allow":["GET"]}}],"collection":[{"href":"https:\/\/www.feuerwehrkostheim.de\/index.php?rest_route=\/wp\/v2\/pages"}],"about":[{"href":"https:\/\/www.feuerwehrkostheim.de\/index.php?rest_route=\/wp\/v2\/types\/page"}],"author":[{"embeddable":true,"href":"https:\/\/www.feuerwehrkostheim.de\/index.php?rest_route=\/wp\/v2\/users\/1"}],"replies":[{"embeddable":true,"href":"https:\/\/www.feuerwehrkostheim.de\/index.php?rest_route=%2Fwp%2Fv2%2Fcomments&post=103"}],"version-history":[{"count":0,"href":"https:\/\/www.feuerwehrkostheim.de\/index.php?rest_route=\/wp\/v2\/pages\/103\/revisions"}],"up":[{"embeddable":true,"href":"https:\/\/www.feuerwehrkostheim.de\/index.php?rest_route=\/wp\/v2\/pages\/59"}],"wp:attachment":[{"href":"https:\/\/www.feuerwehrkostheim.de\/index.php?rest_route=%2Fwp%2Fv2%2Fmedia&parent=103"}],"curies":[{"name":"wp","href":"https:\/\/api.w.org\/{rel}","templated":true}]}}